{"id":1131,"date":"2026-08-12T17:14:59","date_gmt":"2026-08-12T17:14:59","guid":{"rendered":"https:\/\/neu.baecksteinerhof.com\/vivere\/"},"modified":"2026-08-28T20:23:41","modified_gmt":"2026-08-28T20:23:41","slug":"vivere","status":"publish","type":"page","link":"https:\/\/www.baecksteinerhof.com\/it\/vivere\/","title":{"rendered":"Merano &#038; dintorni"},"content":{"rendered":"<section id=\"bsh-basetext-block_c3a85007ce361578d5f42f876bfa5ac0\" class=\"bshBaseText bshBaseText--white alignfull\" data-bsh-reveal-group data-bsh-reveal-group-delay=\"0.2\">\n    <div class=\"bshBaseText__layout bsh-container\">\n        \n        <div class=\"bshBaseText__content\">\n            \n                            <div class=\"bshHeadingLockup bshHeadingLockup--center\">\n                                            <h2 data-bsh-split>Riposarsi nel verde. Vivere la citt\u00e0 termale.<\/h2>\n                                                        <\/div>\n            \n                            <div class=\"bshBaseText__copy\" data-bsh-reveal=\"fade-up\" data-bsh-reveal-delay=\"0.24\">\n                    <p>Al B\u00e4cksteinerhof si soggiorna tra frutteti e vigneti e, nonostante questo, si \u00e8 a meno di due chilometri da passeggiate, Portici, caff\u00e8 e ristoranti.<\/p>                <\/div>\n                    <\/div>\n    <\/div>\n<\/section>\n\n\n<section\n    id=\"bsh-whyus-block_c0f882b32767701adc8a69321c4fcbd4\"\n    class=\"bshWhyUs alignfull\"\n    data-bsh-reveal-group\n    data-bsh-reveal-group-delay=\"0.2\"\n    data-bsh-reveal-start=\"top 78%\"\n    data-bsh-reveal-end=\"bottom 8%\"\n    data-bsh-whyus\n>\n    <div class=\"bshWhyUs__grid bsh-container\">\n        <div class=\"bshWhyUs__intro\">\n            \n                            <div class=\"bshHeadingLockup\">\n                                            <h2 data-bsh-split>Ami i contrasti tanto quanto noi?<\/h2>\n                                        <h6 class=\"bshSubtitle\" data-bsh-reveal=\"fade-up\" data-bsh-reveal-delay=\"0.12\">Tra montagne e palme<\/h6>                <\/div>\n                        <div class=\"bshWhyUs__copy\" data-bsh-reveal=\"fade-up\" data-bsh-reveal-delay=\"0.16\"><p class=\"isSelectedEnd\">Fare colazione al mattino tra i frutteti, poi passeggiare sotto i Portici di Merano e la sera tornare a godersi la quiete del maso.<\/p>\n<p class=\"isSelectedEnd\">Oppure sei tra quelli che, dopo una notte di riposo, fanno il pieno di energie a colazione, di giorno si sfogano con escursioni o in bici e la sera si concedono ancora un aperitivo in una delle piazze mediterranee della citt\u00e0 termale?<\/p>\n<p>Al B\u00e4cksteinerhof non devi scegliere: <strong>qui quiete e citt\u00e0, natura e gusto sono vicinissimi<\/strong><\/p><\/div>                    <\/div>\n\n                                                <article\n                    class=\"bshWhyUs__item bshWhyUs__item--image\"\n                    data-bsh-reveal=\"fade-in\"\n                    data-bsh-reveal-delay=\"0.36\"\n                    data-bsh-whyus-flip-card                >\n                    \n                    <div class=\"bshWhyUs__itemInner\">\n                        <div class=\"bshWhyUs__face bshWhyUs__front\">\n                            <div class=\"bshWhyUs__icon\" aria-hidden=\"true\"><i data-lucide=\"map-pin\"><\/i><\/div>\n                            <h5>Meno di 2 km dal centro<\/h5>                            <p>Passeggiate, centro storico, Portici di Merano e le Terme di Merano non sono lontani dal B\u00e4cksteinerhof: abbastanza vicini per una passeggiata in citt\u00e0 improvvisata e abbastanza lontani per tornare poi a godersi la quiete del maso.<\/p>                        <\/div>\n\n                                                    <div class=\"bshWhyUs__face bshWhyUs__back\" aria-hidden=\"true\">\n                                <img width=\"900\" height=\"700\" src=\"https:\/\/www.baecksteinerhof.com\/wp-content\/uploads\/2026\/08\/meran-kurhaus-900x700.jpg\" class=\"bshWhyUs__image\" alt=\"\" loading=\"lazy\" decoding=\"async\" fetchpriority=\"auto\" sizes=\"auto, (max-width: 640px) calc(100vw - 40px), (max-width: 1100px) 50vw, 25vw\" \/>                            <\/div>\n                                            <\/div>\n                <\/article>\n                                                            <article\n                    class=\"bshWhyUs__item bshWhyUs__item--image\"\n                    data-bsh-reveal=\"fade-in\"\n                    data-bsh-reveal-delay=\"0.44\"\n                    data-bsh-whyus-flip-card                >\n                    \n                    <div class=\"bshWhyUs__itemInner\">\n                        <div class=\"bshWhyUs__face bshWhyUs__front\">\n                            <div class=\"bshWhyUs__icon\" aria-hidden=\"true\"><i data-lucide=\"cooking-pot\"><\/i><\/div>\n                            <h5>Il gusto \u00e8 dietro l\u2019angolo<\/h5>                            <p>Caff\u00e8 e ristoranti li trovi nelle immediate vicinanze, soprattutto attorno a Piazza Fontana a Maia Alta, a solo circa un chilometro dal B\u00e4cksteinerhof. Ideale per un caff\u00e8 al volo, un aperitivo o una cena rilassata.<\/p>                        <\/div>\n\n                                                    <div class=\"bshWhyUs__face bshWhyUs__back\" aria-hidden=\"true\">\n                                <img width=\"900\" height=\"700\" src=\"https:\/\/www.baecksteinerhof.com\/wp-content\/uploads\/2026\/08\/essen-900x700.jpg\" class=\"bshWhyUs__image\" alt=\"\" loading=\"lazy\" decoding=\"async\" fetchpriority=\"auto\" sizes=\"auto, (max-width: 640px) calc(100vw - 40px), (max-width: 1100px) 50vw, 25vw\" \/>                            <\/div>\n                                            <\/div>\n                <\/article>\n                                                            <article\n                    class=\"bshWhyUs__item bshWhyUs__item--image\"\n                    data-bsh-reveal=\"fade-in\"\n                    data-bsh-reveal-delay=\"0.52\"\n                    data-bsh-whyus-flip-card                >\n                    \n                    <div class=\"bshWhyUs__itemInner\">\n                        <div class=\"bshWhyUs__face bshWhyUs__front\">\n                            <div class=\"bshWhyUs__icon\" aria-hidden=\"true\"><i data-lucide=\"flower\"><\/i><\/div>\n                            <h5>Un giardino che vale la giornata<\/h5>                            <p>I Giardini di Castel Trauttmansdorff sono tra i pi\u00f9 belli d\u2019Europa: vari, ampi e decisamente degni di una gita di un giorno.<\/p>                        <\/div>\n\n                                                    <div class=\"bshWhyUs__face bshWhyUs__back\" aria-hidden=\"true\">\n                                <img width=\"900\" height=\"700\" src=\"https:\/\/www.baecksteinerhof.com\/wp-content\/uploads\/2026\/08\/smg04769alfi-900x700.jpg\" class=\"bshWhyUs__image\" alt=\"\" loading=\"lazy\" decoding=\"async\" fetchpriority=\"auto\" sizes=\"auto, (max-width: 640px) calc(100vw - 40px), (max-width: 1100px) 50vw, 25vw\" \/>                            <\/div>\n                                            <\/div>\n                <\/article>\n                                                            <article\n                    class=\"bshWhyUs__item bshWhyUs__item--image\"\n                    data-bsh-reveal=\"fade-in\"\n                    data-bsh-reveal-delay=\"0.60\"\n                    data-bsh-whyus-flip-card                >\n                    \n                    <div class=\"bshWhyUs__itemInner\">\n                        <div class=\"bshWhyUs__face bshWhyUs__front\">\n                            <div class=\"bshWhyUs__icon\" aria-hidden=\"true\"><i data-lucide=\"droplets\"><\/i><\/div>\n                            <h5>Relax alle Terme di Merano<\/h5>                            <p>Nel cuore della citt\u00e0 termale, le Terme di Merano invitano a staccare e a godersi il momento, con piscine, saune e tanto spazio per il relax. Come ospiti del B\u00e4cksteinerhof ricevi il 10% di sconto sugli ingressi.<\/p>                        <\/div>\n\n                                                    <div class=\"bshWhyUs__face bshWhyUs__back\" aria-hidden=\"true\">\n                                <img width=\"900\" height=\"700\" src=\"https:\/\/www.baecksteinerhof.com\/wp-content\/uploads\/2026\/08\/therme_meran-1-900x700.jpg\" class=\"bshWhyUs__image\" alt=\"\" loading=\"lazy\" decoding=\"async\" fetchpriority=\"auto\" sizes=\"auto, (max-width: 640px) calc(100vw - 40px), (max-width: 1100px) 50vw, 25vw\" \/>                            <\/div>\n                                            <\/div>\n                <\/article>\n                                                            <article\n                    class=\"bshWhyUs__item bshWhyUs__item--image\"\n                    data-bsh-reveal=\"fade-in\"\n                    data-bsh-reveal-delay=\"0.68\"\n                    data-bsh-whyus-flip-card                >\n                    \n                    <div class=\"bshWhyUs__itemInner\">\n                        <div class=\"bshWhyUs__face bshWhyUs__front\">\n                            <div class=\"bshWhyUs__icon\" aria-hidden=\"true\"><i data-lucide=\"castle\"><\/i><\/div>\n                            <h5>Storia sopra Merano<\/h5>                            <p>In alto sopra Merano si trova Castel Tirolo, un tempo residenza dei Conti del Tirolo e oggi un luogo suggestivo per storia, cultura e ampie vedute sul Burgraviato.<\/p>                        <\/div>\n\n                                                    <div class=\"bshWhyUs__face bshWhyUs__back\" aria-hidden=\"true\">\n                                <img width=\"900\" height=\"700\" src=\"https:\/\/www.baecksteinerhof.com\/wp-content\/uploads\/2026\/08\/schloss_tirol-1-900x700.jpg\" class=\"bshWhyUs__image\" alt=\"\" loading=\"lazy\" decoding=\"async\" fetchpriority=\"auto\" sizes=\"auto, (max-width: 640px) calc(100vw - 40px), (max-width: 1100px) 50vw, 25vw\" \/>                            <\/div>\n                                            <\/div>\n                <\/article>\n                                                            <article\n                    class=\"bshWhyUs__item bshWhyUs__item--image\"\n                    data-bsh-reveal=\"fade-in\"\n                    data-bsh-reveal-delay=\"0.76\"\n                    data-bsh-whyus-flip-card                >\n                    \n                    <div class=\"bshWhyUs__itemInner\">\n                        <div class=\"bshWhyUs__face bshWhyUs__front\">\n                            <div class=\"bshWhyUs__icon\" aria-hidden=\"true\"><i data-lucide=\"wine\"><\/i><\/div>\n                            <h5>Dall\u2019uva al vino<\/h5>                            <p>Conferiamo le nostre uve alla Cantina Merano Burgraviato. Con una degustazione o una visita guidata in cantina puoi scoprire il percorso dell\u2019uva fino al calice e vedere come dai frutti della nostra regione nasce il vino di Merano.<\/p>                        <\/div>\n\n                                                    <div class=\"bshWhyUs__face bshWhyUs__back\" aria-hidden=\"true\">\n                                <img width=\"900\" height=\"700\" src=\"https:\/\/www.baecksteinerhof.com\/wp-content\/uploads\/2026\/08\/kellerei_meran_burggraefler-900x700.jpg\" class=\"bshWhyUs__image\" alt=\"\" loading=\"lazy\" decoding=\"async\" fetchpriority=\"auto\" sizes=\"auto, (max-width: 640px) calc(100vw - 40px), (max-width: 1100px) 50vw, 25vw\" \/>                            <\/div>\n                                            <\/div>\n                <\/article>\n                        <\/div>\n<\/section>\n\n\n<section\n    id=\"bsh-stickybox-block_aac06490ce1e06872021ff0da12a58e1\"\n    class=\"bshStickyBox bshStickyBox--soft alignfull\"\n    data-bsh-stickybox\n>\n    <div class=\"bshStickyBox__layout bsh-container\">\n        <div class=\"bshStickyBox__intro\">\n            \n                            <div class=\"bshHeadingLockup\">\n                                            <h2 data-bsh-split>Dal maso direttamente nel verde<\/h2>\n                                                        <\/div>\n            \n                            <div class=\"bshStickyBox__copy\" data-bsh-reveal=\"fade-up\" data-bsh-reveal-delay=\"0.2\">\n                    <p>Da noi la natura inizia quasi davanti alla porta di casa. Che sia in bici verso la Val Passiria, a piedi sul Sentiero Tappeiner o in tutta tranquillit\u00e0 lungo il Maiser Waalweg: tanti bei percorsi partono nelle vicinanze e conducono direttamente nel paesaggio intorno a Merano. <\/p>                <\/div>\n            \n                    <\/div>\n\n        <div class=\"bshStickyBox__track\">\n                                                                <article\n                        class=\"bshStickyBox__card\"\n                        data-bsh-reveal=\"fade-up\"\n                        data-bsh-reveal-duration=\"1.3\"\n                    >\n                        \n                                                    <div class=\"bshStickyBox__media\">\n                                <div class=\"bshStickyBox__mediaInner\" data-bsh-stickybox-parallax>\n                                    <img width=\"2000\" height=\"1333\" src=\"https:\/\/www.baecksteinerhof.com\/wp-content\/uploads\/2026\/08\/baecksteinerhof_22-3.jpg\" class=\"bshStickyBox__image\" alt=\"Hof direkt am Maiser Waalweg in Meran\" loading=\"lazy\" decoding=\"async\" fetchpriority=\"auto\" sizes=\"auto, (max-width: 700px) calc(100vw - 40px), (max-width: 1100px) 45vw, 58vw\" srcset=\"https:\/\/www.baecksteinerhof.com\/wp-content\/uploads\/2026\/08\/baecksteinerhof_22-3.jpg 2000w, https:\/\/www.baecksteinerhof.com\/wp-content\/uploads\/2026\/08\/baecksteinerhof_22-3-300x200.jpg 300w, https:\/\/www.baecksteinerhof.com\/wp-content\/uploads\/2026\/08\/baecksteinerhof_22-3-1024x682.jpg 1024w, https:\/\/www.baecksteinerhof.com\/wp-content\/uploads\/2026\/08\/baecksteinerhof_22-3-768x512.jpg 768w, https:\/\/www.baecksteinerhof.com\/wp-content\/uploads\/2026\/08\/baecksteinerhof_22-3-1536x1024.jpg 1536w, https:\/\/www.baecksteinerhof.com\/wp-content\/uploads\/2026\/08\/baecksteinerhof_22-3-1600x1066.jpg 1600w\" \/>                                <\/div>\n                            <\/div>\n                        \n                        <div class=\"bshStickyBox__cardContent\">\n                            <p class=\"bshStickyBox__kicker\">\n                                <span>01<\/span>\n                                                            <\/p>\n\n                                                            <h3>Maiser Waalweg<\/h3>\n                                                        <p class=\"bshStickyBox__description\">Il tipico Waalweg di Merano passa proprio accanto al maso: autentico, tra frutteti e boschi, quasi senza dislivello. Un\u2019escursione facile di circa 7 km fino a Saltusio.<\/p>\n                                                    <\/div>\n                    <\/article>\n                                                                                <article\n                        class=\"bshStickyBox__card\"\n                        data-bsh-reveal=\"fade-up\"\n                        data-bsh-reveal-duration=\"1.3\"\n                    >\n                        \n                                                    <div class=\"bshStickyBox__media\">\n                                <div class=\"bshStickyBox__mediaInner\" data-bsh-stickybox-parallax>\n                                    <img width=\"2400\" height=\"1400\" src=\"https:\/\/www.baecksteinerhof.com\/wp-content\/uploads\/2026\/08\/tappeinerweg-2400x1400.jpg\" class=\"bshStickyBox__image\" alt=\"\" loading=\"lazy\" decoding=\"async\" fetchpriority=\"auto\" sizes=\"auto, (max-width: 700px) calc(100vw - 40px), (max-width: 1100px) 45vw, 58vw\" \/>                                <\/div>\n                            <\/div>\n                        \n                        <div class=\"bshStickyBox__cardContent\">\n                            <p class=\"bshStickyBox__kicker\">\n                                <span>02<\/span>\n                                                            <\/p>\n\n                                                            <h3>Sopra i tetti di Merano<\/h3>\n                                                        <p class=\"bshStickyBox__description\">Il Sentiero Tappeiner, lungo circa 7 km, corre sopra la citt\u00e0 quasi senza dislivello e regala di continuo splendide vedute su Merano e sul paesaggio circostante. Il ritorno \u00e8 comodo in autobus, oppure puoi abbinare l\u2019escursione a una deviazione in centro.<\/p>\n                                                    <\/div>\n                    <\/article>\n                                                                                <article\n                        class=\"bshStickyBox__card\"\n                        data-bsh-reveal=\"fade-up\"\n                        data-bsh-reveal-duration=\"1.3\"\n                    >\n                        \n                                                    <div class=\"bshStickyBox__media\">\n                                <div class=\"bshStickyBox__mediaInner\" data-bsh-stickybox-parallax>\n                                    <img width=\"2400\" height=\"1400\" src=\"https:\/\/www.baecksteinerhof.com\/wp-content\/uploads\/2026\/08\/AlexMoling_IDM_Talradwege-926-1-2400x1400.jpg\" class=\"bshStickyBox__image\" alt=\"\" loading=\"lazy\" decoding=\"async\" fetchpriority=\"auto\" sizes=\"auto, (max-width: 700px) calc(100vw - 40px), (max-width: 1100px) 45vw, 58vw\" \/>                                <\/div>\n                            <\/div>\n                        \n                        <div class=\"bshStickyBox__cardContent\">\n                            <p class=\"bshStickyBox__kicker\">\n                                <span>03<\/span>\n                                                            <\/p>\n\n                                                            <h3>In bici in Val Passiria<\/h3>\n                                                        <p class=\"bshStickyBox__description\">Dal B\u00e4cksteinerhof parti direttamente in bicicletta lungo il Passirio verso la Val Passiria. Passando per Saltusio, San Martino e San Leonardo, scopri con calma i paesi della valle su due ruote.<\/p>\n                                                    <\/div>\n                    <\/article>\n                                    <\/div>\n    <\/div>\n<\/section>\n\n\n<section id=\"bsh-basetext-block_2151741c49ddaf6d37969a50b29a1d64\" class=\"bshBaseText bshBaseText--white alignfull\" data-bsh-reveal-group data-bsh-reveal-group-delay=\"0.2\">\n    <div class=\"bshBaseText__layout bsh-container\">\n        \n        <div class=\"bshBaseText__content\">\n            \n                            <div class=\"bshHeadingLockup bshHeadingLockup--center\">\n                                            <h2 data-bsh-split>Anche l\u2019auto pu\u00f2 tranquillamente andare in vacanza.<\/h2>\n                                        <h6 class=\"bshSubtitle\" data-bsh-reveal=\"fade-up\" data-bsh-reveal-delay=\"0.14\">Con autobus, treno e bici ti muovi in modo flessibile.<\/h6>                <\/div>\n            \n                            <div class=\"bshBaseText__copy\" data-bsh-reveal=\"fade-up\" data-bsh-reveal-delay=\"0.24\">\n                    <p>La fermata dell\u2019autobus della linea 3 si raggiunge in circa 400\u2013500 metri. Con il S\u00fcdtirol Guest Pass, che da noi ricevi gratuitamente, puoi utilizzare comodamente i mezzi pubblici inclusi in Alto Adige durante il soggiorno. <\/p>\n<p>Cos\u00ec arrivi facilmente in centro a Merano, alla stazione o verso molte mete escursionistiche in Alto Adige, senza auto. E anche in bici o e-bike puoi scoprire meravigliosamente i dintorni direttamente dal B\u00e4cksteinerhof. <\/p>                <\/div>\n                    <\/div>\n    <\/div>\n<\/section>\n\n\n<section\n    id=\"bsh-img-overlay-block_89d39e6975f15c234abf7e2f49af98e7\"\n    class=\"bshImgOverlay bshImgOverlay--screen alignfull bshImgOverlay--hasContent\"\n    style=\"--bsh-img-overlay-opacity: 0.22;\"\n    aria-label=\"Baecksteinerhof visual\"\n    data-bsh-parallax-section\n>\n    <div\n        class=\"bshImgOverlay__media bshImgOverlay__media--fixed\"\n        style=\"background-image: url(&quot;https:\/\/www.baecksteinerhof.com\/wp-content\/uploads\/2026\/08\/baecksteinerhof_21-2.jpg&quot;);\"        aria-hidden=\"true\"\n        data-bsh-parallax-media\n    >\n                    <img width=\"2000\" height=\"1333\" src=\"https:\/\/www.baecksteinerhof.com\/wp-content\/uploads\/2026\/08\/baecksteinerhof_21-2.jpg\" class=\"bshImgOverlay__image\" alt=\"Romantik und Ruhe am B\u00e4cksteinerhof\" loading=\"lazy\" decoding=\"async\" fetchpriority=\"auto\" srcset=\"https:\/\/www.baecksteinerhof.com\/wp-content\/uploads\/2026\/08\/baecksteinerhof_21-2.jpg 2000w, https:\/\/www.baecksteinerhof.com\/wp-content\/uploads\/2026\/08\/baecksteinerhof_21-2-300x200.jpg 300w, https:\/\/www.baecksteinerhof.com\/wp-content\/uploads\/2026\/08\/baecksteinerhof_21-2-1024x682.jpg 1024w, https:\/\/www.baecksteinerhof.com\/wp-content\/uploads\/2026\/08\/baecksteinerhof_21-2-768x512.jpg 768w, https:\/\/www.baecksteinerhof.com\/wp-content\/uploads\/2026\/08\/baecksteinerhof_21-2-1536x1024.jpg 1536w, https:\/\/www.baecksteinerhof.com\/wp-content\/uploads\/2026\/08\/baecksteinerhof_21-2-1600x1066.jpg 1600w\" sizes=\"auto, (max-width: 2000px) 100vw, 2000px\" \/>            <\/div>\n\n    <div class=\"bshImgOverlay__shade\" aria-hidden=\"true\"><\/div>\n\n            <div class=\"bshImgOverlay__content bsh-container\" data-bsh-reveal-group data-bsh-reveal-group-delay=\"0.16\">\n            <div class=\"bshImgOverlay__lockup\">\n                \n                                    <h2 data-bsh-split>Un consiglio segreto? Volentieri.<\/h2>\n                                            <\/div>\n            <div class=\"bshImgOverlay__copy\" data-bsh-reveal=\"fade-up\" data-bsh-reveal-delay=\"0.28\"><p>Durante il soggiorno siamo sempre felici di aiutarti con i nostri consigli personali, che si tratti di gite, escursioni, tour in bici, visite, giornate di pioggia o un buon ristorante.<\/p>\n<p>E alcuni dei nostri migliori consigli segreti? Quelli preferiamo svelarli di persona. Non tutto deve finire su internet&#8230;  <\/p>\n<\/div>        <\/div>\n    \n    <\/section>\n\n\n<section id=\"bsh-blogstream-block_309fc675343d5ea3f02c1d3720c1c549\" class=\"bshBlogStream alignfull\" data-bsh-reveal-group data-bsh-reveal-group-delay=\"0.14\">\n            <header class=\"bshBlogStream__heading bsh-container\">\n            \n                            <div class=\"bshHeadingLockup bshHeadingLockup--center\">\n                                            <h2 data-bsh-split>I nostri posti del cuore<\/h2>\n                                        <p class=\"bshSubtitle\" data-bsh-reveal=\"fade-up\" data-bsh-reveal-delay=\"0.14\">da vivere assolutamente<\/p>                <\/div>\n                                <\/header>\n    \n    <div class=\"bshBlogStream__grid bsh-container\">\n                        <article class=\"bshBlogCard\" data-bsh-reveal=\"fade-up\" data-bsh-reveal-delay=\"0.12\">\n        <a class=\"bshBlogCard__media\" href=\"https:\/\/www.baecksteinerhof.com\/it\/stoanerne-mandln-un-angolo-tranquillo-e-amato-tra-cielo-e-terra\/\" aria-label=\"Leggi Stoanerne Mandln \u2013 un tranquillo posto del cuore tra cielo e terra\">\n                            <img width=\"900\" height=\"700\" src=\"https:\/\/www.baecksteinerhof.com\/wp-content\/uploads\/2026\/08\/stuanerne_mandln-1-900x700.jpg\" class=\"bshBlogCard__image wp-post-image\" alt=\"Stuanerne Mandln\" loading=\"lazy\" decoding=\"async\" \/>                    <\/a>\n        <div class=\"bshBlogCard__body\">\n            <p class=\"bshBlogCard__meta\">\n                Luoghi preferiti                <span aria-hidden=\"true\">\/<\/span>\n                <time datetime=\"2026-08-21T13:43:30+00:00\">Agosto 21, 2026<\/time>\n            <\/p>\n            <h3><a href=\"https:\/\/www.baecksteinerhof.com\/it\/stoanerne-mandln-un-angolo-tranquillo-e-amato-tra-cielo-e-terra\/\">Stoanerne Mandln \u2013 un tranquillo posto del cuore tra cielo e terra<\/a><\/h3>\n            <p class=\"bshBlogCard__excerpt\">Mistico. Misterioso. Un po&#8217; spirituale. E un luogo dove, per un momento, si desidera solo restare in silenzio. 21 agosto 2026 \u2014 circa 4 minuti&hellip;<\/p>            <a class=\"bshBlogCard__read\" href=\"https:\/\/www.baecksteinerhof.com\/it\/stoanerne-mandln-un-angolo-tranquillo-e-amato-tra-cielo-e-terra\/\">\n                <span>Leggi articolo<\/span>\n                <i data-lucide=\"arrow-right\" aria-hidden=\"true\"><\/i>\n            <\/a>\n        <\/div>\n    <\/article>\n                            <article class=\"bshBlogCard\" data-bsh-reveal=\"fade-up\" data-bsh-reveal-delay=\"0.24\">\n        <a class=\"bshBlogCard__media\" href=\"https:\/\/www.baecksteinerhof.com\/it\/una-giornata-di-pioggia-a-merano-vino-mele-e-piaceri-dietro-le-quinte\/\" aria-label=\"Leggi Un giorno di pioggia a Merano \u2013 dietro le quinte\">\n                            <img width=\"900\" height=\"700\" src=\"https:\/\/www.baecksteinerhof.com\/wp-content\/uploads\/2026\/08\/weinfass_kellerei-900x700.jpg\" class=\"bshBlogCard__image wp-post-image\" alt=\"Cantina vinicola\" loading=\"lazy\" decoding=\"async\" \/>                    <\/a>\n        <div class=\"bshBlogCard__body\">\n            <p class=\"bshBlogCard__meta\">\n                Novit\u00e0                <span aria-hidden=\"true\">\/<\/span>\n                <time datetime=\"2026-08-21T13:40:52+00:00\">Agosto 21, 2026<\/time>\n            <\/p>\n            <h3><a href=\"https:\/\/www.baecksteinerhof.com\/it\/una-giornata-di-pioggia-a-merano-vino-mele-e-piaceri-dietro-le-quinte\/\">Un giorno di pioggia a Merano \u2013 dietro le quinte<\/a><\/h3>\n            <p class=\"bshBlogCard__excerpt\">Fuori piove? Meglio cos\u00ec. Allora \u00e8 forse proprio il giorno giusto per sbirciare dietro le porte delle cantine, degustare vini o scoprire il percorso delle&hellip;<\/p>            <a class=\"bshBlogCard__read\" href=\"https:\/\/www.baecksteinerhof.com\/it\/una-giornata-di-pioggia-a-merano-vino-mele-e-piaceri-dietro-le-quinte\/\">\n                <span>Leggi articolo<\/span>\n                <i data-lucide=\"arrow-right\" aria-hidden=\"true\"><\/i>\n            <\/a>\n        <\/div>\n    <\/article>\n                            <article class=\"bshBlogCard\" data-bsh-reveal=\"fade-up\" data-bsh-reveal-delay=\"0.36\">\n        <a class=\"bshBlogCard__media\" href=\"https:\/\/www.baecksteinerhof.com\/it\/un-aperitivo-a-merano-un-po-di-dolce-vita-in-ogni-stagione\/\" aria-label=\"Leggi Un aperitivo a Merano \u2013 un po&#8217; di Dolce Vita in ogni stagione\">\n                            <img width=\"900\" height=\"593\" src=\"https:\/\/www.baecksteinerhof.com\/wp-content\/uploads\/2026\/08\/meran1-scaled-e1787323565141-900x593.jpg\" class=\"bshBlogCard__image wp-post-image\" alt=\"\" loading=\"lazy\" decoding=\"async\" \/>                    <\/a>\n        <div class=\"bshBlogCard__body\">\n            <p class=\"bshBlogCard__meta\">\n                Luoghi preferiti                <span aria-hidden=\"true\">\/<\/span>\n                <time datetime=\"2026-08-21T13:32:20+00:00\">Agosto 21, 2026<\/time>\n            <\/p>\n            <h3><a href=\"https:\/\/www.baecksteinerhof.com\/it\/un-aperitivo-a-merano-un-po-di-dolce-vita-in-ogni-stagione\/\">Un aperitivo a Merano \u2013 un po&#8217; di Dolce Vita in ogni stagione<\/a><\/h3>\n            <p class=\"bshBlogCard__excerpt\">Primavera, estate, autunno o Avvento: per un aperitivo nella citt\u00e0 termale c&#8217;\u00e8 sempre il momento giusto. 21 agosto 2026 \u2014 circa 3 minuti di lettura&hellip;<\/p>            <a class=\"bshBlogCard__read\" href=\"https:\/\/www.baecksteinerhof.com\/it\/un-aperitivo-a-merano-un-po-di-dolce-vita-in-ogni-stagione\/\">\n                <span>Leggi articolo<\/span>\n                <i data-lucide=\"arrow-right\" aria-hidden=\"true\"><\/i>\n            <\/a>\n        <\/div>\n    <\/article>\n                            <article class=\"bshBlogCard\" data-bsh-reveal=\"fade-up\" data-bsh-reveal-delay=\"0.48\">\n        <a class=\"bshBlogCard__media\" href=\"https:\/\/www.baecksteinerhof.com\/it\/una-passeggiata-speciale\/\" aria-label=\"Leggi Una passeggiata speciale\">\n                            <img width=\"900\" height=\"700\" src=\"https:\/\/www.baecksteinerhof.com\/wp-content\/uploads\/2026\/08\/alm-900x700.jpeg\" class=\"bshBlogCard__image wp-post-image\" alt=\"V\u00f6ran\" loading=\"lazy\" decoding=\"async\" \/>                    <\/a>\n        <div class=\"bshBlogCard__body\">\n            <p class=\"bshBlogCard__meta\">\n                Luoghi preferiti                <span aria-hidden=\"true\">\/<\/span>\n                <time datetime=\"2026-08-14T14:17:37+00:00\">Agosto 14, 2026<\/time>\n            <\/p>\n            <h3><a href=\"https:\/\/www.baecksteinerhof.com\/it\/una-passeggiata-speciale\/\">Una passeggiata speciale<\/a><\/h3>\n            <p class=\"bshBlogCard__excerpt\">Una leggera e piacevole escursione attraverso prati e boschi, un buon pranzo, torta fatta in casa e, per finire, un sentiero che invita a camminare&hellip;<\/p>            <a class=\"bshBlogCard__read\" href=\"https:\/\/www.baecksteinerhof.com\/it\/una-passeggiata-speciale\/\">\n                <span>Leggi articolo<\/span>\n                <i data-lucide=\"arrow-right\" aria-hidden=\"true\"><\/i>\n            <\/a>\n        <\/div>\n    <\/article>\n                            <article class=\"bshBlogCard\" data-bsh-reveal=\"fade-up\" data-bsh-reveal-delay=\"0.60\">\n        <a class=\"bshBlogCard__media\" href=\"https:\/\/www.baecksteinerhof.com\/it\/knottnkino-co-luoghi-preferiti-sul-tschoegglberg\/\" aria-label=\"Leggi Knottnkino &#038; Co.: I luoghi preferiti sul Monzoccolo\">\n                            <img width=\"900\" height=\"700\" src=\"https:\/\/www.baecksteinerhof.com\/wp-content\/uploads\/2026\/08\/knottnkino-voeran-900x700.jpg\" class=\"bshBlogCard__image wp-post-image\" alt=\"Knottnkino vicino a Verano con sedie e vista panoramica sulla Val d&#039;Adige\" loading=\"lazy\" decoding=\"async\" \/>                    <\/a>\n        <div class=\"bshBlogCard__body\">\n            <p class=\"bshBlogCard__meta\">\n                Luoghi preferiti                <span aria-hidden=\"true\">\/<\/span>\n                <time datetime=\"2026-08-14T14:17:02+00:00\">Agosto 14, 2026<\/time>\n            <\/p>\n            <h3><a href=\"https:\/\/www.baecksteinerhof.com\/it\/knottnkino-co-luoghi-preferiti-sul-tschoegglberg\/\">Knottnkino &#038; Co.: I luoghi preferiti sul Monzoccolo<\/a><\/h3>\n            <p class=\"bshBlogCard__excerpt\">Cinema naturale, chiese antiche e architettura alpina moderna: questi luoghi speciali raccontano di Avelengo, Verano e del Monzoccolo.<\/p>            <a class=\"bshBlogCard__read\" href=\"https:\/\/www.baecksteinerhof.com\/it\/knottnkino-co-luoghi-preferiti-sul-tschoegglberg\/\">\n                <span>Leggi articolo<\/span>\n                <i data-lucide=\"arrow-right\" aria-hidden=\"true\"><\/i>\n            <\/a>\n        <\/div>\n    <\/article>\n                            <article class=\"bshBlogCard\" data-bsh-reveal=\"fade-up\" data-bsh-reveal-delay=\"0.72\">\n        <a class=\"bshBlogCard__media\" href=\"https:\/\/www.baecksteinerhof.com\/it\/merano-winefestival-2026-cinque-giorni-allinsegna-del-piacere-e-delle-scoperte\/\" aria-label=\"Leggi Merano WineFestival 2026: cinque giorni all&#8217;insegna del gusto e delle scoperte\">\n                            <img width=\"900\" height=\"700\" src=\"https:\/\/www.baecksteinerhof.com\/wp-content\/uploads\/2026\/08\/wein-1-900x700.jpg\" class=\"bshBlogCard__image wp-post-image\" alt=\"Visita guidata con degustazione a Merano, Cantina Merano Burggr\u00e4fler\" loading=\"lazy\" decoding=\"async\" \/>                    <\/a>\n        <div class=\"bshBlogCard__body\">\n            <p class=\"bshBlogCard__meta\">\n                Eventi                <span aria-hidden=\"true\">\/<\/span>\n                <time datetime=\"2026-08-14T14:15:33+00:00\">Agosto 14, 2026<\/time>\n            <\/p>\n            <h3><a href=\"https:\/\/www.baecksteinerhof.com\/it\/merano-winefestival-2026-cinque-giorni-allinsegna-del-piacere-e-delle-scoperte\/\">Merano WineFestival 2026: cinque giorni all&#8217;insegna del gusto e delle scoperte<\/a><\/h3>\n            <p class=\"bshBlogCard__excerpt\">La 35\u00aa edizione del Merano WineFestival porter\u00e0 a Merano viticoltori, produttori e appassionati dal 6 al 10 novembre 2026.<\/p>            <a class=\"bshBlogCard__read\" href=\"https:\/\/www.baecksteinerhof.com\/it\/merano-winefestival-2026-cinque-giorni-allinsegna-del-piacere-e-delle-scoperte\/\">\n                <span>Leggi articolo<\/span>\n                <i data-lucide=\"arrow-right\" aria-hidden=\"true\"><\/i>\n            <\/a>\n        <\/div>\n    <\/article>\n                <\/div>\n\n            <div class=\"bshBlogStream__actions bsh-container\" data-bsh-reveal=\"fade-up\">\n            <a class=\"bshBtn bshBlogStream__all\" href=\"https:\/\/www.baecksteinerhof.com\/it\/luoghi-del-cuore\/\">\n                <span>Mostra tutti gli articoli<\/span>\n            <\/a>\n        <\/div>\n    <\/section>\n","protected":false},"excerpt":{"rendered":"","protected":false},"author":1,"featured_media":1096,"parent":0,"menu_order":0,"comment_status":"closed","ping_status":"closed","template":"","meta":{"_acf_changed":false,"inline_featured_image":false,"footnotes":""},"class_list":["post-1131","page","type-page","status-publish","has-post-thumbnail","hentry"],"acf":[],"_links":{"self":[{"href":"https:\/\/www.baecksteinerhof.com\/it\/wp-json\/wp\/v2\/pages\/1131","targetHints":{"allow":["GET"]}}],"collection":[{"href":"https:\/\/www.baecksteinerhof.com\/it\/wp-json\/wp\/v2\/pages"}],"about":[{"href":"https:\/\/www.baecksteinerhof.com\/it\/wp-json\/wp\/v2\/types\/page"}],"author":[{"embeddable":true,"href":"https:\/\/www.baecksteinerhof.com\/it\/wp-json\/wp\/v2\/users\/1"}],"replies":[{"embeddable":true,"href":"https:\/\/www.baecksteinerhof.com\/it\/wp-json\/wp\/v2\/comments?post=1131"}],"version-history":[{"count":6,"href":"https:\/\/www.baecksteinerhof.com\/it\/wp-json\/wp\/v2\/pages\/1131\/revisions"}],"predecessor-version":[{"id":1592,"href":"https:\/\/www.baecksteinerhof.com\/it\/wp-json\/wp\/v2\/pages\/1131\/revisions\/1592"}],"wp:featuredmedia":[{"embeddable":true,"href":"https:\/\/www.baecksteinerhof.com\/it\/wp-json\/wp\/v2\/media\/1096"}],"wp:attachment":[{"href":"https:\/\/www.baecksteinerhof.com\/it\/wp-json\/wp\/v2\/media?parent=1131"}],"curies":[{"name":"wp","href":"https:\/\/api.w.org\/{rel}","templated":true}]}}