{"id":1111,"date":"2026-08-15T09:05:43","date_gmt":"2026-08-15T09:05:43","guid":{"rendered":"https:\/\/neu.baecksteinerhof.com\/buono-a-sapersi\/"},"modified":"2026-08-25T10:17:46","modified_gmt":"2026-08-25T10:17:46","slug":"buono-a-sapersi","status":"publish","type":"page","link":"https:\/\/www.baecksteinerhof.com\/it\/buono-a-sapersi\/","title":{"rendered":"Da sapere"},"content":{"rendered":"<section id=\"bsh-basetext-block_55879a73e7c69a588499cee30fce5536\" class=\"bshBaseText bshBaseText--pastel alignfull\" data-bsh-reveal-group data-bsh-reveal-group-delay=\"0.2\">\n    <div class=\"bshBaseText__layout bsh-container\">\n        \n        <div class=\"bshBaseText__content\">\n            \n                            <div class=\"bshHeadingLockup bshHeadingLockup--center\">\n                                            <h2 data-bsh-split>Domande frequenti<\/h2>\n                                                        <\/div>\n            \n                            <div class=\"bshBaseText__copy\" data-bsh-reveal=\"fade-up\" data-bsh-reveal-delay=\"0.24\">\n                    <p>Qui trovi le risposte alle domande pi\u00f9 importanti sulla tua prenotazione e sul tuo soggiorno al B\u00e4cksteinerhof. Se la tua domanda non \u00e8 tra queste, contattaci pure direttamente. <\/p>                <\/div>\n                    <\/div>\n    <\/div>\n<\/section>\n<section\n    id=\"bsh-faq-block_fef8eef12a74dbb680ad9490f488a0ae\"\n    class=\"bshFaq bshFaq--two alignfull\"\n    data-bsh-faq\n    data-bsh-reveal-group\n    data-bsh-reveal-group-delay=\"0.12\"\n>\n    <div class=\"bshFaq__inner bsh-container\">\n                    <header class=\"bshFaq__header\">\n                \n                <div class=\"bshHeadingLockup bshHeadingLockup--center\">\n                                            <h2 data-bsh-split>Prenotazione &amp; prezzi<\/h2>\n                    \n                                    <\/div>\n            <\/header>\n        \n                    <div class=\"bshFaq__columns\" data-bsh-faq-columns>\n                                                        <div class=\"bshFaq__column\" data-bsh-reveal=\"fade-up\" data-bsh-reveal-delay=\"0.16\">\n                                                                                <article class=\"bshFaq__item is-open\" data-bsh-faq-item>\n                                <h3 class=\"bshFaq__question\">\n                                    <button\n                                        id=\"bsh-faq-block_fef8eef12a74dbb680ad9490f488a0ae-question-1\"\n                                        class=\"bshFaq__trigger\"\n                                        type=\"button\"\n                                        aria-expanded=\"true\"\n                                        aria-controls=\"bsh-faq-block_fef8eef12a74dbb680ad9490f488a0ae-answer-1\"\n                                        data-bsh-faq-trigger\n                                    >\n                                        <span class=\"bshFaq__questionText\">Qual \u00e8 il modo migliore per prenotare?<\/span>\n                                        <span class=\"bshFaq__icon\" aria-hidden=\"true\"><\/span>\n                                    <\/button>\n                                <\/h3>\n                                <div\n                                    id=\"bsh-faq-block_fef8eef12a74dbb680ad9490f488a0ae-answer-1\"\n                                    class=\"bshFaq__answer\"\n                                    role=\"region\"\n                                    aria-labelledby=\"bsh-faq-block_fef8eef12a74dbb680ad9490f488a0ae-question-1\"\n                                    data-bsh-faq-answer\n                                                                    >\n                                    <div class=\"bshFaq__answerInner\"><p>Il modo pi\u00f9 semplice \u00e8 prenotare direttamente dal nostro sito web. L\u00ec puoi vedere la disponibilit\u00e0 aggiornata e i prezzi in vigore per le nostre camere e i loft. <\/p><\/div>\n                                <\/div>\n                            <\/article>\n                                                                                                            <article class=\"bshFaq__item\" data-bsh-faq-item>\n                                <h3 class=\"bshFaq__question\">\n                                    <button\n                                        id=\"bsh-faq-block_fef8eef12a74dbb680ad9490f488a0ae-question-2\"\n                                        class=\"bshFaq__trigger\"\n                                        type=\"button\"\n                                        aria-expanded=\"false\"\n                                        aria-controls=\"bsh-faq-block_fef8eef12a74dbb680ad9490f488a0ae-answer-2\"\n                                        data-bsh-faq-trigger\n                                    >\n                                        <span class=\"bshFaq__questionText\">Con la prenotazione diretta ho un vantaggio sul prezzo?<\/span>\n                                        <span class=\"bshFaq__icon\" aria-hidden=\"true\"><\/span>\n                                    <\/button>\n                                <\/h3>\n                                <div\n                                    id=\"bsh-faq-block_fef8eef12a74dbb680ad9490f488a0ae-answer-2\"\n                                    class=\"bshFaq__answer\"\n                                    role=\"region\"\n                                    aria-labelledby=\"bsh-faq-block_fef8eef12a74dbb680ad9490f488a0ae-question-2\"\n                                    data-bsh-faq-answer\n                                    hidden                                >\n                                    <div class=\"bshFaq__answerInner\"><p>S\u00ec. Per le prenotazioni dirette al B\u00e4cksteinerhof vale la nostra <strong>garanzia del miglior prezzo<\/strong>. Per lo stesso periodo di soggiorno, la stessa sistemazione e le stesse condizioni di prenotazione, direttamente da noi ottieni il miglior prezzo disponibile.  <\/p><\/div>\n                                <\/div>\n                            <\/article>\n                                                                                                            <article class=\"bshFaq__item\" data-bsh-faq-item>\n                                <h3 class=\"bshFaq__question\">\n                                    <button\n                                        id=\"bsh-faq-block_fef8eef12a74dbb680ad9490f488a0ae-question-3\"\n                                        class=\"bshFaq__trigger\"\n                                        type=\"button\"\n                                        aria-expanded=\"false\"\n                                        aria-controls=\"bsh-faq-block_fef8eef12a74dbb680ad9490f488a0ae-answer-3\"\n                                        data-bsh-faq-trigger\n                                    >\n                                        <span class=\"bshFaq__questionText\">La tassa di soggiorno \u00e8 inclusa nel prezzo?<\/span>\n                                        <span class=\"bshFaq__icon\" aria-hidden=\"true\"><\/span>\n                                    <\/button>\n                                <\/h3>\n                                <div\n                                    id=\"bsh-faq-block_fef8eef12a74dbb680ad9490f488a0ae-answer-3\"\n                                    class=\"bshFaq__answer\"\n                                    role=\"region\"\n                                    aria-labelledby=\"bsh-faq-block_fef8eef12a74dbb680ad9490f488a0ae-question-3\"\n                                    data-bsh-faq-answer\n                                    hidden                                >\n                                    <div class=\"bshFaq__answerInner\"><p>No. Oltre al prezzo dell\u2019alloggio, attualmente viene addebitata un\u2019imposta comunale di soggiorno di <strong>2,20 \u20ac a persona e a notte<\/strong>. Bambini e ragazzi sotto i 14 anni ne sono esenti. La tassa di soggiorno si paga in loco.   <\/p><\/div>\n                                <\/div>\n                            <\/article>\n                                                                        <\/div>\n                                                        <div class=\"bshFaq__column\" data-bsh-reveal=\"fade-up\" data-bsh-reveal-delay=\"0.24\">\n                                                                                <article class=\"bshFaq__item\" data-bsh-faq-item>\n                                <h3 class=\"bshFaq__question\">\n                                    <button\n                                        id=\"bsh-faq-block_fef8eef12a74dbb680ad9490f488a0ae-question-4\"\n                                        class=\"bshFaq__trigger\"\n                                        type=\"button\"\n                                        aria-expanded=\"false\"\n                                        aria-controls=\"bsh-faq-block_fef8eef12a74dbb680ad9490f488a0ae-answer-4\"\n                                        data-bsh-faq-trigger\n                                    >\n                                        <span class=\"bshFaq__questionText\">\u00c8 richiesta una caparra?<\/span>\n                                        <span class=\"bshFaq__icon\" aria-hidden=\"true\"><\/span>\n                                    <\/button>\n                                <\/h3>\n                                <div\n                                    id=\"bsh-faq-block_fef8eef12a74dbb680ad9490f488a0ae-answer-4\"\n                                    class=\"bshFaq__answer\"\n                                    role=\"region\"\n                                    aria-labelledby=\"bsh-faq-block_fef8eef12a74dbb680ad9490f488a0ae-question-4\"\n                                    data-bsh-faq-answer\n                                    hidden                                >\n                                    <div class=\"bshFaq__answerInner\"><p>S\u00ec. Per le prenotazioni dirette \u00e8 richiesta, per la conferma vincolante, una <strong>caparra pari al 25% dell\u2019importo totale<\/strong>. <\/p><\/div>\n                                <\/div>\n                            <\/article>\n                                                                                                            <article class=\"bshFaq__item\" data-bsh-faq-item>\n                                <h3 class=\"bshFaq__question\">\n                                    <button\n                                        id=\"bsh-faq-block_fef8eef12a74dbb680ad9490f488a0ae-question-5\"\n                                        class=\"bshFaq__trigger\"\n                                        type=\"button\"\n                                        aria-expanded=\"false\"\n                                        aria-controls=\"bsh-faq-block_fef8eef12a74dbb680ad9490f488a0ae-answer-5\"\n                                        data-bsh-faq-trigger\n                                    >\n                                        <span class=\"bshFaq__questionText\">Come posso pagare il saldo?<\/span>\n                                        <span class=\"bshFaq__icon\" aria-hidden=\"true\"><\/span>\n                                    <\/button>\n                                <\/h3>\n                                <div\n                                    id=\"bsh-faq-block_fef8eef12a74dbb680ad9490f488a0ae-answer-5\"\n                                    class=\"bshFaq__answer\"\n                                    role=\"region\"\n                                    aria-labelledby=\"bsh-faq-block_fef8eef12a74dbb680ad9490f488a0ae-question-5\"\n                                    data-bsh-faq-answer\n                                    hidden                                >\n                                    <div class=\"bshFaq__answerInner\"><p>Il saldo viene pagato al check-out direttamente al B\u00e4cksteinerhof. Accettiamo contanti, Bancomat, carta EC e carta di credito. In alternativa, l\u2019intero importo del soggiorno pu\u00f2 essere saldato gi\u00e0 prima dell\u2019arrivo tramite bonifico bancario.  <\/p><\/div>\n                                <\/div>\n                            <\/article>\n                                                                                                            <article class=\"bshFaq__item\" data-bsh-faq-item>\n                                <h3 class=\"bshFaq__question\">\n                                    <button\n                                        id=\"bsh-faq-block_fef8eef12a74dbb680ad9490f488a0ae-question-6\"\n                                        class=\"bshFaq__trigger\"\n                                        type=\"button\"\n                                        aria-expanded=\"false\"\n                                        aria-controls=\"bsh-faq-block_fef8eef12a74dbb680ad9490f488a0ae-answer-6\"\n                                        data-bsh-faq-trigger\n                                    >\n                                        <span class=\"bshFaq__questionText\">Quali condizioni di cancellazione si applicano?<\/span>\n                                        <span class=\"bshFaq__icon\" aria-hidden=\"true\"><\/span>\n                                    <\/button>\n                                <\/h3>\n                                <div\n                                    id=\"bsh-faq-block_fef8eef12a74dbb680ad9490f488a0ae-answer-6\"\n                                    class=\"bshFaq__answer\"\n                                    role=\"region\"\n                                    aria-labelledby=\"bsh-faq-block_fef8eef12a74dbb680ad9490f488a0ae-question-6\"\n                                    data-bsh-faq-answer\n                                    hidden                                >\n                                    <div class=\"bshFaq__answerInner\"><p>Per le prenotazioni dirette valgono le seguenti condizioni:<br \/>\nfino a 31 giorni prima dell\u2019arrivo: nessun costo di cancellazione aggiuntivo<br \/>\nda 30 a 15 giorni prima dell\u2019arrivo: 40% dell\u2019importo totale<br \/>\nda 14 a 8 giorni prima dell\u2019arrivo: 60% dell\u2019importo totale<br \/>\nda 7 giorni prima dell\u2019arrivo: 100% dell\u2019importo totale<br \/>\nin caso di mancato arrivo o partenza anticipata: 100% dell\u2019importo totale<\/p>\n<p>Per le prenotazioni tramite portali esterni valgono le condizioni del relativo canale di prenotazione.<\/p><\/div>\n                                <\/div>\n                            <\/article>\n                                                                        <\/div>\n                            <\/div>\n            <\/div>\n<\/section>\n\n        <script type=\"application\/ld+json\">{\"@context\":\"https:\/\/schema.org\",\"@type\":\"FAQPage\",\"mainEntity\":[{\"@type\":\"Question\",\"name\":\"Qual \u00e8 il modo migliore per prenotare?\",\"acceptedAnswer\":{\"@type\":\"Answer\",\"text\":\"Il modo pi\u00f9 semplice \u00e8 prenotare direttamente dal nostro sito web. L\u00ec puoi vedere la disponibilit\u00e0 aggiornata e i prezzi in vigore per le nostre camere e i loft.\"}},{\"@type\":\"Question\",\"name\":\"Con la prenotazione diretta ho un vantaggio sul prezzo?\",\"acceptedAnswer\":{\"@type\":\"Answer\",\"text\":\"S\u00ec. Per le prenotazioni dirette al B\u00e4cksteinerhof vale la nostra garanzia del miglior prezzo. Per lo stesso periodo di soggiorno, la stessa sistemazione e le stesse condizioni di prenotazione, direttamente da noi ottieni il miglior prezzo disponibile.\"}},{\"@type\":\"Question\",\"name\":\"La tassa di soggiorno \u00e8 inclusa nel prezzo?\",\"acceptedAnswer\":{\"@type\":\"Answer\",\"text\":\"No. Oltre al prezzo dell\u2019alloggio, attualmente viene addebitata un\u2019imposta comunale di soggiorno di 2,20 \u20ac a persona e a notte. Bambini e ragazzi sotto i 14 anni ne sono esenti. La tassa di soggiorno si paga in loco.\"}},{\"@type\":\"Question\",\"name\":\"\u00c8 richiesta una caparra?\",\"acceptedAnswer\":{\"@type\":\"Answer\",\"text\":\"S\u00ec. Per le prenotazioni dirette \u00e8 richiesta, per la conferma vincolante, una caparra pari al 25% dell\u2019importo totale.\"}},{\"@type\":\"Question\",\"name\":\"Come posso pagare il saldo?\",\"acceptedAnswer\":{\"@type\":\"Answer\",\"text\":\"Il saldo viene pagato al check-out direttamente al B\u00e4cksteinerhof. Accettiamo contanti, Bancomat, carta EC e carta di credito. In alternativa, l\u2019intero importo del soggiorno pu\u00f2 essere saldato gi\u00e0 prima dell\u2019arrivo tramite bonifico bancario.\"}},{\"@type\":\"Question\",\"name\":\"Quali condizioni di cancellazione si applicano?\",\"acceptedAnswer\":{\"@type\":\"Answer\",\"text\":\"Per le prenotazioni dirette valgono le seguenti condizioni: fino a 31 giorni prima dell\u2019arrivo: nessun costo di cancellazione aggiuntivo da 30 a 15 giorni prima dell\u2019arrivo: 40% dell\u2019importo totale da 14 a 8 giorni prima dell\u2019arrivo: 60% dell\u2019importo totale da 7 giorni prima dell\u2019arrivo: 100% dell\u2019importo totale in caso di mancato arrivo o partenza anticipata: 100% dell\u2019importo totale Per le prenotazioni tramite portali esterni valgono le condizioni del relativo canale di prenotazione.\"}}]}<\/script>\n<section\n    id=\"bsh-faq-block_beb6a4cc34503f674b8865d2ae0080ed\"\n    class=\"bshFaq bshFaq--two alignfull\"\n    data-bsh-faq\n    data-bsh-reveal-group\n    data-bsh-reveal-group-delay=\"0.12\"\n>\n    <div class=\"bshFaq__inner bsh-container\">\n                    <header class=\"bshFaq__header\">\n                \n                <div class=\"bshHeadingLockup bshHeadingLockup--center\">\n                                            <h2 data-bsh-split>Arrivo &amp; Partenza<\/h2>\n                    \n                                    <\/div>\n            <\/header>\n        \n                    <div class=\"bshFaq__columns\" data-bsh-faq-columns>\n                                                        <div class=\"bshFaq__column\" data-bsh-reveal=\"fade-up\" data-bsh-reveal-delay=\"0.16\">\n                                                                                <article class=\"bshFaq__item is-open\" data-bsh-faq-item>\n                                <h3 class=\"bshFaq__question\">\n                                    <button\n                                        id=\"bsh-faq-block_beb6a4cc34503f674b8865d2ae0080ed-question-1\"\n                                        class=\"bshFaq__trigger\"\n                                        type=\"button\"\n                                        aria-expanded=\"true\"\n                                        aria-controls=\"bsh-faq-block_beb6a4cc34503f674b8865d2ae0080ed-answer-1\"\n                                        data-bsh-faq-trigger\n                                    >\n                                        <span class=\"bshFaq__questionText\">Quando posso fare il check-in?<\/span>\n                                        <span class=\"bshFaq__icon\" aria-hidden=\"true\"><\/span>\n                                    <\/button>\n                                <\/h3>\n                                <div\n                                    id=\"bsh-faq-block_beb6a4cc34503f674b8865d2ae0080ed-answer-1\"\n                                    class=\"bshFaq__answer\"\n                                    role=\"region\"\n                                    aria-labelledby=\"bsh-faq-block_beb6a4cc34503f674b8865d2ae0080ed-question-1\"\n                                    data-bsh-faq-answer\n                                                                    >\n                                    <div class=\"bshFaq__answerInner\"><p>Il check-in regolare \u00e8 possibile dalle <strong>14:00 alle 19:00<\/strong>.<\/p><\/div>\n                                <\/div>\n                            <\/article>\n                                                                                                            <article class=\"bshFaq__item\" data-bsh-faq-item>\n                                <h3 class=\"bshFaq__question\">\n                                    <button\n                                        id=\"bsh-faq-block_beb6a4cc34503f674b8865d2ae0080ed-question-2\"\n                                        class=\"bshFaq__trigger\"\n                                        type=\"button\"\n                                        aria-expanded=\"false\"\n                                        aria-controls=\"bsh-faq-block_beb6a4cc34503f674b8865d2ae0080ed-answer-2\"\n                                        data-bsh-faq-trigger\n                                    >\n                                        <span class=\"bshFaq__questionText\">Cosa succede se arrivo pi\u00f9 tardi?<\/span>\n                                        <span class=\"bshFaq__icon\" aria-hidden=\"true\"><\/span>\n                                    <\/button>\n                                <\/h3>\n                                <div\n                                    id=\"bsh-faq-block_beb6a4cc34503f674b8865d2ae0080ed-answer-2\"\n                                    class=\"bshFaq__answer\"\n                                    role=\"region\"\n                                    aria-labelledby=\"bsh-faq-block_beb6a4cc34503f674b8865d2ae0080ed-question-2\"\n                                    data-bsh-faq-answer\n                                    hidden                                >\n                                    <div class=\"bshFaq__answerInner\"><p>Il late check-in \u00e8 possibile previo accordo. Attualmente applichiamo un supplemento di <strong>15,00 \u20ac<\/strong>. Ti preghiamo di informarci il prima possibile.  <\/p><\/div>\n                                <\/div>\n                            <\/article>\n                                                                        <\/div>\n                                                        <div class=\"bshFaq__column\" data-bsh-reveal=\"fade-up\" data-bsh-reveal-delay=\"0.24\">\n                                                                                <article class=\"bshFaq__item\" data-bsh-faq-item>\n                                <h3 class=\"bshFaq__question\">\n                                    <button\n                                        id=\"bsh-faq-block_beb6a4cc34503f674b8865d2ae0080ed-question-3\"\n                                        class=\"bshFaq__trigger\"\n                                        type=\"button\"\n                                        aria-expanded=\"false\"\n                                        aria-controls=\"bsh-faq-block_beb6a4cc34503f674b8865d2ae0080ed-answer-3\"\n                                        data-bsh-faq-trigger\n                                    >\n                                        <span class=\"bshFaq__questionText\">Quando \u00e8 il check-out?<\/span>\n                                        <span class=\"bshFaq__icon\" aria-hidden=\"true\"><\/span>\n                                    <\/button>\n                                <\/h3>\n                                <div\n                                    id=\"bsh-faq-block_beb6a4cc34503f674b8865d2ae0080ed-answer-3\"\n                                    class=\"bshFaq__answer\"\n                                    role=\"region\"\n                                    aria-labelledby=\"bsh-faq-block_beb6a4cc34503f674b8865d2ae0080ed-question-3\"\n                                    data-bsh-faq-answer\n                                    hidden                                >\n                                    <div class=\"bshFaq__answerInner\"><p>Il giorno della partenza la sistemazione \u00e8 a tua disposizione fino alle <strong>10:00<\/strong>.<\/p><\/div>\n                                <\/div>\n                            <\/article>\n                                                                                                            <article class=\"bshFaq__item\" data-bsh-faq-item>\n                                <h3 class=\"bshFaq__question\">\n                                    <button\n                                        id=\"bsh-faq-block_beb6a4cc34503f674b8865d2ae0080ed-question-4\"\n                                        class=\"bshFaq__trigger\"\n                                        type=\"button\"\n                                        aria-expanded=\"false\"\n                                        aria-controls=\"bsh-faq-block_beb6a4cc34503f674b8865d2ae0080ed-answer-4\"\n                                        data-bsh-faq-trigger\n                                    >\n                                        <span class=\"bshFaq__questionText\">\u00c8 possibile un late check-out?<\/span>\n                                        <span class=\"bshFaq__icon\" aria-hidden=\"true\"><\/span>\n                                    <\/button>\n                                <\/h3>\n                                <div\n                                    id=\"bsh-faq-block_beb6a4cc34503f674b8865d2ae0080ed-answer-4\"\n                                    class=\"bshFaq__answer\"\n                                    role=\"region\"\n                                    aria-labelledby=\"bsh-faq-block_beb6a4cc34503f674b8865d2ae0080ed-question-4\"\n                                    data-bsh-faq-answer\n                                    hidden                                >\n                                    <div class=\"bshFaq__answerInner\"><p>In base alla disponibilit\u00e0 e previo accordo \u00e8 possibile un late check-out. Il costo \u00e8 di <strong>25,00 \u20ac<\/strong>. <\/p><\/div>\n                                <\/div>\n                            <\/article>\n                                                                        <\/div>\n                            <\/div>\n            <\/div>\n<\/section>\n\n        <script type=\"application\/ld+json\">{\"@context\":\"https:\/\/schema.org\",\"@type\":\"FAQPage\",\"mainEntity\":[{\"@type\":\"Question\",\"name\":\"Quando posso fare il check-in?\",\"acceptedAnswer\":{\"@type\":\"Answer\",\"text\":\"Il check-in regolare \u00e8 possibile dalle 14:00 alle 19:00.\"}},{\"@type\":\"Question\",\"name\":\"Cosa succede se arrivo pi\u00f9 tardi?\",\"acceptedAnswer\":{\"@type\":\"Answer\",\"text\":\"Il late check-in \u00e8 possibile previo accordo. Attualmente applichiamo un supplemento di 15,00 \u20ac. Ti preghiamo di informarci il prima possibile.\"}},{\"@type\":\"Question\",\"name\":\"Quando \u00e8 il check-out?\",\"acceptedAnswer\":{\"@type\":\"Answer\",\"text\":\"Il giorno della partenza la sistemazione \u00e8 a tua disposizione fino alle 10:00.\"}},{\"@type\":\"Question\",\"name\":\"\u00c8 possibile un late check-out?\",\"acceptedAnswer\":{\"@type\":\"Answer\",\"text\":\"In base alla disponibilit\u00e0 e previo accordo \u00e8 possibile un late check-out. Il costo \u00e8 di 25,00 \u20ac.\"}}]}<\/script>\n<section\n    id=\"bsh-faq-block_7adc818a56457521514e0924c984394d\"\n    class=\"bshFaq bshFaq--two alignfull\"\n    data-bsh-faq\n    data-bsh-reveal-group\n    data-bsh-reveal-group-delay=\"0.12\"\n>\n    <div class=\"bshFaq__inner bsh-container\">\n                    <header class=\"bshFaq__header\">\n                \n                <div class=\"bshHeadingLockup bshHeadingLockup--center\">\n                                            <h2 data-bsh-split>Colazione<\/h2>\n                    \n                                    <\/div>\n            <\/header>\n        \n                    <div class=\"bshFaq__columns\" data-bsh-faq-columns>\n                                                        <div class=\"bshFaq__column\" data-bsh-reveal=\"fade-up\" data-bsh-reveal-delay=\"0.16\">\n                                                                                <article class=\"bshFaq__item is-open\" data-bsh-faq-item>\n                                <h3 class=\"bshFaq__question\">\n                                    <button\n                                        id=\"bsh-faq-block_7adc818a56457521514e0924c984394d-question-1\"\n                                        class=\"bshFaq__trigger\"\n                                        type=\"button\"\n                                        aria-expanded=\"true\"\n                                        aria-controls=\"bsh-faq-block_7adc818a56457521514e0924c984394d-answer-1\"\n                                        data-bsh-faq-trigger\n                                    >\n                                        <span class=\"bshFaq__questionText\">La colazione \u00e8 inclusa nel prezzo?<\/span>\n                                        <span class=\"bshFaq__icon\" aria-hidden=\"true\"><\/span>\n                                    <\/button>\n                                <\/h3>\n                                <div\n                                    id=\"bsh-faq-block_7adc818a56457521514e0924c984394d-answer-1\"\n                                    class=\"bshFaq__answer\"\n                                    role=\"region\"\n                                    aria-labelledby=\"bsh-faq-block_7adc818a56457521514e0924c984394d-question-1\"\n                                    data-bsh-faq-answer\n                                                                    >\n                                    <div class=\"bshFaq__answerInner\"><p>S\u00ec. La nostra <strong>colazione servita personalmente<\/strong> \u00e8 inclusa nel soggiorno per le nostre camere e i loft. <\/p><\/div>\n                                <\/div>\n                            <\/article>\n                                                                                                            <article class=\"bshFaq__item\" data-bsh-faq-item>\n                                <h3 class=\"bshFaq__question\">\n                                    <button\n                                        id=\"bsh-faq-block_7adc818a56457521514e0924c984394d-question-2\"\n                                        class=\"bshFaq__trigger\"\n                                        type=\"button\"\n                                        aria-expanded=\"false\"\n                                        aria-controls=\"bsh-faq-block_7adc818a56457521514e0924c984394d-answer-2\"\n                                        data-bsh-faq-trigger\n                                    >\n                                        <span class=\"bshFaq__questionText\">Quando viene servita la colazione?<\/span>\n                                        <span class=\"bshFaq__icon\" aria-hidden=\"true\"><\/span>\n                                    <\/button>\n                                <\/h3>\n                                <div\n                                    id=\"bsh-faq-block_7adc818a56457521514e0924c984394d-answer-2\"\n                                    class=\"bshFaq__answer\"\n                                    role=\"region\"\n                                    aria-labelledby=\"bsh-faq-block_7adc818a56457521514e0924c984394d-question-2\"\n                                    data-bsh-faq-answer\n                                    hidden                                >\n                                    <div class=\"bshFaq__answerInner\"><p>Serviamo la colazione tutti i giorni dalle <strong>08:00 alle 09:30<\/strong>.<\/p><\/div>\n                                <\/div>\n                            <\/article>\n                                                                                                            <article class=\"bshFaq__item\" data-bsh-faq-item>\n                                <h3 class=\"bshFaq__question\">\n                                    <button\n                                        id=\"bsh-faq-block_7adc818a56457521514e0924c984394d-question-3\"\n                                        class=\"bshFaq__trigger\"\n                                        type=\"button\"\n                                        aria-expanded=\"false\"\n                                        aria-controls=\"bsh-faq-block_7adc818a56457521514e0924c984394d-answer-3\"\n                                        data-bsh-faq-trigger\n                                    >\n                                        <span class=\"bshFaq__questionText\">Dove si fa colazione?<\/span>\n                                        <span class=\"bshFaq__icon\" aria-hidden=\"true\"><\/span>\n                                    <\/button>\n                                <\/h3>\n                                <div\n                                    id=\"bsh-faq-block_7adc818a56457521514e0924c984394d-answer-3\"\n                                    class=\"bshFaq__answer\"\n                                    role=\"region\"\n                                    aria-labelledby=\"bsh-faq-block_7adc818a56457521514e0924c984394d-question-3\"\n                                    data-bsh-faq-answer\n                                    hidden                                >\n                                    <div class=\"bshFaq__answerInner\"><p>Gli ospiti delle camere fanno colazione nella storica <strong>Meranerstube del 1808<\/strong>. Gli ospiti dei nostri loft iniziano la giornata nella romantica <strong>sala del camino<\/strong> nello storico fienile del 1932. <\/p><\/div>\n                                <\/div>\n                            <\/article>\n                                                                                                            <article class=\"bshFaq__item\" data-bsh-faq-item>\n                                <h3 class=\"bshFaq__question\">\n                                    <button\n                                        id=\"bsh-faq-block_7adc818a56457521514e0924c984394d-question-4\"\n                                        class=\"bshFaq__trigger\"\n                                        type=\"button\"\n                                        aria-expanded=\"false\"\n                                        aria-controls=\"bsh-faq-block_7adc818a56457521514e0924c984394d-answer-4\"\n                                        data-bsh-faq-trigger\n                                    >\n                                        <span class=\"bshFaq__questionText\">Posso utilizzare la Meranerstube o la sala del camino anche al di fuori degli orari della colazione?<\/span>\n                                        <span class=\"bshFaq__icon\" aria-hidden=\"true\"><\/span>\n                                    <\/button>\n                                <\/h3>\n                                <div\n                                    id=\"bsh-faq-block_7adc818a56457521514e0924c984394d-answer-4\"\n                                    class=\"bshFaq__answer\"\n                                    role=\"region\"\n                                    aria-labelledby=\"bsh-faq-block_7adc818a56457521514e0924c984394d-question-4\"\n                                    data-bsh-faq-answer\n                                    hidden                                >\n                                    <div class=\"bshFaq__answerInner\"><p>Durante l\u2019orario della colazione, la Meranerstube e la sala del camino sono a disposizione dei nostri ospiti per fare colazione.<br \/>\nL\u2019utilizzo al di fuori di questi orari \u00e8 possibile previo accordo e pu\u00f2 comportare \u2013 a seconda dell\u2019uso \u2013 un supplemento. Parlane pure con noi. <\/p><\/div>\n                                <\/div>\n                            <\/article>\n                                                                        <\/div>\n                                                        <div class=\"bshFaq__column\" data-bsh-reveal=\"fade-up\" data-bsh-reveal-delay=\"0.24\">\n                                                                                <article class=\"bshFaq__item\" data-bsh-faq-item>\n                                <h3 class=\"bshFaq__question\">\n                                    <button\n                                        id=\"bsh-faq-block_7adc818a56457521514e0924c984394d-question-5\"\n                                        class=\"bshFaq__trigger\"\n                                        type=\"button\"\n                                        aria-expanded=\"false\"\n                                        aria-controls=\"bsh-faq-block_7adc818a56457521514e0924c984394d-answer-5\"\n                                        data-bsh-faq-trigger\n                                    >\n                                        <span class=\"bshFaq__questionText\">Potete tenere conto di allergie e intolleranze?<\/span>\n                                        <span class=\"bshFaq__icon\" aria-hidden=\"true\"><\/span>\n                                    <\/button>\n                                <\/h3>\n                                <div\n                                    id=\"bsh-faq-block_7adc818a56457521514e0924c984394d-answer-5\"\n                                    class=\"bshFaq__answer\"\n                                    role=\"region\"\n                                    aria-labelledby=\"bsh-faq-block_7adc818a56457521514e0924c984394d-question-5\"\n                                    data-bsh-faq-answer\n                                    hidden                                >\n                                    <div class=\"bshFaq__answerInner\"><p>Certo. Alternative senza glutine o senza lattosio, cos\u00ec come ad esempio bevanda d\u2019avena, panini senza glutine e muesli senza glutine, possono essere messi a disposizione previa comunicazione.<br \/>\nTi preghiamo di informarci, possibilmente prima dell\u2019arrivo, su allergie o esigenze alimentari particolari, cos\u00ec da poterci preparare al meglio e comporre la tua colazione in modo che ti piaccia e ti faccia stare bene. <\/p><\/div>\n                                <\/div>\n                            <\/article>\n                                                                                                            <article class=\"bshFaq__item\" data-bsh-faq-item>\n                                <h3 class=\"bshFaq__question\">\n                                    <button\n                                        id=\"bsh-faq-block_7adc818a56457521514e0924c984394d-question-6\"\n                                        class=\"bshFaq__trigger\"\n                                        type=\"button\"\n                                        aria-expanded=\"false\"\n                                        aria-controls=\"bsh-faq-block_7adc818a56457521514e0924c984394d-answer-6\"\n                                        data-bsh-faq-trigger\n                                    >\n                                        <span class=\"bshFaq__questionText\">Posso fare colazione da voi il giorno dell\u2019arrivo?<\/span>\n                                        <span class=\"bshFaq__icon\" aria-hidden=\"true\"><\/span>\n                                    <\/button>\n                                <\/h3>\n                                <div\n                                    id=\"bsh-faq-block_7adc818a56457521514e0924c984394d-answer-6\"\n                                    class=\"bshFaq__answer\"\n                                    role=\"region\"\n                                    aria-labelledby=\"bsh-faq-block_7adc818a56457521514e0924c984394d-question-6\"\n                                    data-bsh-faq-answer\n                                    hidden                                >\n                                    <div class=\"bshFaq__answerInner\"><p>La colazione il giorno dell&#8217;arrivo \u00e8 possibile su richiesta e in base alla disponibilit\u00e0. Vi preghiamo tuttavia di comprendere che le nostre capacit\u00e0 sono limitate e che possiamo offrire la colazione il giorno dell&#8217;arrivo, cos\u00ec come agli ospiti esterni, solo se vi \u00e8 una disponibilit\u00e0 di posti sufficiente. <\/p><\/div>\n                                <\/div>\n                            <\/article>\n                                                                                                            <article class=\"bshFaq__item\" data-bsh-faq-item>\n                                <h3 class=\"bshFaq__question\">\n                                    <button\n                                        id=\"bsh-faq-block_7adc818a56457521514e0924c984394d-question-7\"\n                                        class=\"bshFaq__trigger\"\n                                        type=\"button\"\n                                        aria-expanded=\"false\"\n                                        aria-controls=\"bsh-faq-block_7adc818a56457521514e0924c984394d-answer-7\"\n                                        data-bsh-faq-trigger\n                                    >\n                                        <span class=\"bshFaq__questionText\">\u00c8 possibile fare colazione da voi anche senza soggiornare in struttura?<\/span>\n                                        <span class=\"bshFaq__icon\" aria-hidden=\"true\"><\/span>\n                                    <\/button>\n                                <\/h3>\n                                <div\n                                    id=\"bsh-faq-block_7adc818a56457521514e0924c984394d-answer-7\"\n                                    class=\"bshFaq__answer\"\n                                    role=\"region\"\n                                    aria-labelledby=\"bsh-faq-block_7adc818a56457521514e0924c984394d-question-7\"\n                                    data-bsh-faq-answer\n                                    hidden                                >\n                                    <div class=\"bshFaq__answerInner\"><p>Se la nostra disponibilit\u00e0 lo consente: poich\u00e9 disponiamo di un numero limitato di posti per la colazione, diamo la precedenza agli ospiti che soggiornano da noi. Se ci sono ancora posti disponibili, siamo lieti di accogliere anche ospiti esterni per la colazione. <\/p><\/div>\n                                <\/div>\n                            <\/article>\n                                                                        <\/div>\n                            <\/div>\n            <\/div>\n<\/section>\n\n        <script type=\"application\/ld+json\">{\"@context\":\"https:\/\/schema.org\",\"@type\":\"FAQPage\",\"mainEntity\":[{\"@type\":\"Question\",\"name\":\"La colazione \u00e8 inclusa nel prezzo?\",\"acceptedAnswer\":{\"@type\":\"Answer\",\"text\":\"S\u00ec. La nostra colazione servita personalmente \u00e8 inclusa nel soggiorno per le nostre camere e i loft.\"}},{\"@type\":\"Question\",\"name\":\"Quando viene servita la colazione?\",\"acceptedAnswer\":{\"@type\":\"Answer\",\"text\":\"Serviamo la colazione tutti i giorni dalle 08:00 alle 09:30.\"}},{\"@type\":\"Question\",\"name\":\"Dove si fa colazione?\",\"acceptedAnswer\":{\"@type\":\"Answer\",\"text\":\"Gli ospiti delle camere fanno colazione nella storica Meranerstube del 1808. Gli ospiti dei nostri loft iniziano la giornata nella romantica sala del camino nello storico fienile del 1932.\"}},{\"@type\":\"Question\",\"name\":\"Posso utilizzare la Meranerstube o la sala del camino anche al di fuori degli orari della colazione?\",\"acceptedAnswer\":{\"@type\":\"Answer\",\"text\":\"Durante l\u2019orario della colazione, la Meranerstube e la sala del camino sono a disposizione dei nostri ospiti per fare colazione. L\u2019utilizzo al di fuori di questi orari \u00e8 possibile previo accordo e pu\u00f2 comportare \u2013 a seconda dell\u2019uso \u2013 un supplemento. Parlane pure con noi.\"}},{\"@type\":\"Question\",\"name\":\"Potete tenere conto di allergie e intolleranze?\",\"acceptedAnswer\":{\"@type\":\"Answer\",\"text\":\"Certo. Alternative senza glutine o senza lattosio, cos\u00ec come ad esempio bevanda d\u2019avena, panini senza glutine e muesli senza glutine, possono essere messi a disposizione previa comunicazione. Ti preghiamo di informarci, possibilmente prima dell\u2019arrivo, su allergie o esigenze alimentari particolari, cos\u00ec da poterci preparare al meglio e comporre la tua colazione in modo che ti piaccia e ti faccia stare bene.\"}},{\"@type\":\"Question\",\"name\":\"Posso fare colazione da voi il giorno dell\u2019arrivo?\",\"acceptedAnswer\":{\"@type\":\"Answer\",\"text\":\"La colazione il giorno dell\\u0026#8217;arrivo \u00e8 possibile su richiesta e in base alla disponibilit\u00e0. Vi preghiamo tuttavia di comprendere che le nostre capacit\u00e0 sono limitate e che possiamo offrire la colazione il giorno dell\\u0026#8217;arrivo, cos\u00ec come agli ospiti esterni, solo se vi \u00e8 una disponibilit\u00e0 di posti sufficiente.\"}},{\"@type\":\"Question\",\"name\":\"\u00c8 possibile fare colazione da voi anche senza soggiornare in struttura?\",\"acceptedAnswer\":{\"@type\":\"Answer\",\"text\":\"Se la nostra disponibilit\u00e0 lo consente: poich\u00e9 disponiamo di un numero limitato di posti per la colazione, diamo la precedenza agli ospiti che soggiornano da noi. Se ci sono ancora posti disponibili, siamo lieti di accogliere anche ospiti esterni per la colazione.\"}}]}<\/script>\n<section\n    id=\"bsh-faq-block_2ae5eac3ee5ec8b109cf2f74ecf61d54\"\n    class=\"bshFaq bshFaq--two alignfull\"\n    data-bsh-faq\n    data-bsh-reveal-group\n    data-bsh-reveal-group-delay=\"0.12\"\n>\n    <div class=\"bshFaq__inner bsh-container\">\n                    <header class=\"bshFaq__header\">\n                \n                <div class=\"bshHeadingLockup bshHeadingLockup--center\">\n                                            <h2 data-bsh-split>Camere &amp; Loft<\/h2>\n                    \n                                    <\/div>\n            <\/header>\n        \n                    <div class=\"bshFaq__columns\" data-bsh-faq-columns>\n                                                        <div class=\"bshFaq__column\" data-bsh-reveal=\"fade-up\" data-bsh-reveal-delay=\"0.16\">\n                                                                                <article class=\"bshFaq__item is-open\" data-bsh-faq-item>\n                                <h3 class=\"bshFaq__question\">\n                                    <button\n                                        id=\"bsh-faq-block_2ae5eac3ee5ec8b109cf2f74ecf61d54-question-1\"\n                                        class=\"bshFaq__trigger\"\n                                        type=\"button\"\n                                        aria-expanded=\"true\"\n                                        aria-controls=\"bsh-faq-block_2ae5eac3ee5ec8b109cf2f74ecf61d54-answer-1\"\n                                        data-bsh-faq-trigger\n                                    >\n                                        <span class=\"bshFaq__questionText\">Le sistemazioni vengono pulite ogni giorno?<\/span>\n                                        <span class=\"bshFaq__icon\" aria-hidden=\"true\"><\/span>\n                                    <\/button>\n                                <\/h3>\n                                <div\n                                    id=\"bsh-faq-block_2ae5eac3ee5ec8b109cf2f74ecf61d54-answer-1\"\n                                    class=\"bshFaq__answer\"\n                                    role=\"region\"\n                                    aria-labelledby=\"bsh-faq-block_2ae5eac3ee5ec8b109cf2f74ecf61d54-question-1\"\n                                    data-bsh-faq-answer\n                                                                    >\n                                    <div class=\"bshFaq__answerInner\"><p>S\u00ec. La <strong>pulizia giornaliera<\/strong> \u00e8 inclusa nel prezzo per le nostre camere e i loft. <\/p><\/div>\n                                <\/div>\n                            <\/article>\n                                                                                                            <article class=\"bshFaq__item\" data-bsh-faq-item>\n                                <h3 class=\"bshFaq__question\">\n                                    <button\n                                        id=\"bsh-faq-block_2ae5eac3ee5ec8b109cf2f74ecf61d54-question-2\"\n                                        class=\"bshFaq__trigger\"\n                                        type=\"button\"\n                                        aria-expanded=\"false\"\n                                        aria-controls=\"bsh-faq-block_2ae5eac3ee5ec8b109cf2f74ecf61d54-answer-2\"\n                                        data-bsh-faq-trigger\n                                    >\n                                        <span class=\"bshFaq__questionText\">Tutte le camere hanno un balcone?<\/span>\n                                        <span class=\"bshFaq__icon\" aria-hidden=\"true\"><\/span>\n                                    <\/button>\n                                <\/h3>\n                                <div\n                                    id=\"bsh-faq-block_2ae5eac3ee5ec8b109cf2f74ecf61d54-answer-2\"\n                                    class=\"bshFaq__answer\"\n                                    role=\"region\"\n                                    aria-labelledby=\"bsh-faq-block_2ae5eac3ee5ec8b109cf2f74ecf61d54-question-2\"\n                                    data-bsh-faq-answer\n                                    hidden                                >\n                                    <div class=\"bshFaq__answerInner\"><p>S\u00ec. Tutte le nostre camere matrimoniali e le camere Superior dispongono di un balcone o di uno spazio esterno privato. Anche i nostri loft offrono spazi esterni privati. I dettagli dell\u2019allestimento sono indicati nella descrizione della singola sistemazione.   <\/p><\/div>\n                                <\/div>\n                            <\/article>\n                                                                                                            <article class=\"bshFaq__item\" data-bsh-faq-item>\n                                <h3 class=\"bshFaq__question\">\n                                    <button\n                                        id=\"bsh-faq-block_2ae5eac3ee5ec8b109cf2f74ecf61d54-question-3\"\n                                        class=\"bshFaq__trigger\"\n                                        type=\"button\"\n                                        aria-expanded=\"false\"\n                                        aria-controls=\"bsh-faq-block_2ae5eac3ee5ec8b109cf2f74ecf61d54-answer-3\"\n                                        data-bsh-faq-trigger\n                                    >\n                                        <span class=\"bshFaq__questionText\">C\u2019\u00e8 il Wi-Fi gratuito?<\/span>\n                                        <span class=\"bshFaq__icon\" aria-hidden=\"true\"><\/span>\n                                    <\/button>\n                                <\/h3>\n                                <div\n                                    id=\"bsh-faq-block_2ae5eac3ee5ec8b109cf2f74ecf61d54-answer-3\"\n                                    class=\"bshFaq__answer\"\n                                    role=\"region\"\n                                    aria-labelledby=\"bsh-faq-block_2ae5eac3ee5ec8b109cf2f74ecf61d54-question-3\"\n                                    data-bsh-faq-answer\n                                    hidden                                >\n                                    <div class=\"bshFaq__answerInner\"><p>S\u00ec. Il <strong>Wi-Fi gratuito<\/strong> \u00e8 disponibile in tutte le camere, nei loft e nelle aree comuni del B\u00e4cksteinerhof.<\/p><\/div>\n                                <\/div>\n                            <\/article>\n                                                                                                            <article class=\"bshFaq__item\" data-bsh-faq-item>\n                                <h3 class=\"bshFaq__question\">\n                                    <button\n                                        id=\"bsh-faq-block_2ae5eac3ee5ec8b109cf2f74ecf61d54-question-4\"\n                                        class=\"bshFaq__trigger\"\n                                        type=\"button\"\n                                        aria-expanded=\"false\"\n                                        aria-controls=\"bsh-faq-block_2ae5eac3ee5ec8b109cf2f74ecf61d54-answer-4\"\n                                        data-bsh-faq-trigger\n                                    >\n                                        <span class=\"bshFaq__questionText\">Con quale frequenza vengono cambiati asciugamani e biancheria da letto?<\/span>\n                                        <span class=\"bshFaq__icon\" aria-hidden=\"true\"><\/span>\n                                    <\/button>\n                                <\/h3>\n                                <div\n                                    id=\"bsh-faq-block_2ae5eac3ee5ec8b109cf2f74ecf61d54-answer-4\"\n                                    class=\"bshFaq__answer\"\n                                    role=\"region\"\n                                    aria-labelledby=\"bsh-faq-block_2ae5eac3ee5ec8b109cf2f74ecf61d54-question-4\"\n                                    data-bsh-faq-answer\n                                    hidden                                >\n                                    <div class=\"bshFaq__answerInner\"><p>Asciugamani e biancheria da letto vengono cambiati, se necessario, anche ogni giorno. Se desideri un cambio, faccelo sapere. <\/p><\/div>\n                                <\/div>\n                            <\/article>\n                                                                                                            <article class=\"bshFaq__item\" data-bsh-faq-item>\n                                <h3 class=\"bshFaq__question\">\n                                    <button\n                                        id=\"bsh-faq-block_2ae5eac3ee5ec8b109cf2f74ecf61d54-question-5\"\n                                        class=\"bshFaq__trigger\"\n                                        type=\"button\"\n                                        aria-expanded=\"false\"\n                                        aria-controls=\"bsh-faq-block_2ae5eac3ee5ec8b109cf2f74ecf61d54-answer-5\"\n                                        data-bsh-faq-trigger\n                                    >\n                                        <span class=\"bshFaq__questionText\">Posso avere un cuscino diverso?<\/span>\n                                        <span class=\"bshFaq__icon\" aria-hidden=\"true\"><\/span>\n                                    <\/button>\n                                <\/h3>\n                                <div\n                                    id=\"bsh-faq-block_2ae5eac3ee5ec8b109cf2f74ecf61d54-answer-5\"\n                                    class=\"bshFaq__answer\"\n                                    role=\"region\"\n                                    aria-labelledby=\"bsh-faq-block_2ae5eac3ee5ec8b109cf2f74ecf61d54-question-5\"\n                                    data-bsh-faq-answer\n                                    hidden                                >\n                                    <div class=\"bshFaq__answerInner\"><p>Certo. Se preferisci un cuscino diverso, faccelo sapere. La sostituzione \u00e8 possibile su richiesta.  <\/p><\/div>\n                                <\/div>\n                            <\/article>\n                                                                        <\/div>\n                                                        <div class=\"bshFaq__column\" data-bsh-reveal=\"fade-up\" data-bsh-reveal-delay=\"0.24\">\n                                                                                <article class=\"bshFaq__item\" data-bsh-faq-item>\n                                <h3 class=\"bshFaq__question\">\n                                    <button\n                                        id=\"bsh-faq-block_2ae5eac3ee5ec8b109cf2f74ecf61d54-question-6\"\n                                        class=\"bshFaq__trigger\"\n                                        type=\"button\"\n                                        aria-expanded=\"false\"\n                                        aria-controls=\"bsh-faq-block_2ae5eac3ee5ec8b109cf2f74ecf61d54-answer-6\"\n                                        data-bsh-faq-trigger\n                                    >\n                                        <span class=\"bshFaq__questionText\">C\u2019\u00e8 un lettino da viaggio per bambini o una sponda anticaduta?<\/span>\n                                        <span class=\"bshFaq__icon\" aria-hidden=\"true\"><\/span>\n                                    <\/button>\n                                <\/h3>\n                                <div\n                                    id=\"bsh-faq-block_2ae5eac3ee5ec8b109cf2f74ecf61d54-answer-6\"\n                                    class=\"bshFaq__answer\"\n                                    role=\"region\"\n                                    aria-labelledby=\"bsh-faq-block_2ae5eac3ee5ec8b109cf2f74ecf61d54-question-6\"\n                                    data-bsh-faq-answer\n                                    hidden                                >\n                                    <div class=\"bshFaq__answerInner\"><p>S\u00ec. Un <strong>lettino da viaggio per bambini e una sponda anticaduta<\/strong> possono essere forniti su richiesta. Comunicaci preferibilmente la tua esigenza gi\u00e0 prima dell\u2019arrivo, cos\u00ec possiamo preparare tutto per te.  <\/p><\/div>\n                                <\/div>\n                            <\/article>\n                                                                                                            <article class=\"bshFaq__item\" data-bsh-faq-item>\n                                <h3 class=\"bshFaq__question\">\n                                    <button\n                                        id=\"bsh-faq-block_2ae5eac3ee5ec8b109cf2f74ecf61d54-question-7\"\n                                        class=\"bshFaq__trigger\"\n                                        type=\"button\"\n                                        aria-expanded=\"false\"\n                                        aria-controls=\"bsh-faq-block_2ae5eac3ee5ec8b109cf2f74ecf61d54-answer-7\"\n                                        data-bsh-faq-trigger\n                                    >\n                                        <span class=\"bshFaq__questionText\">Nelle camere c\u2019\u00e8 l\u2019aria condizionata?<\/span>\n                                        <span class=\"bshFaq__icon\" aria-hidden=\"true\"><\/span>\n                                    <\/button>\n                                <\/h3>\n                                <div\n                                    id=\"bsh-faq-block_2ae5eac3ee5ec8b109cf2f74ecf61d54-answer-7\"\n                                    class=\"bshFaq__answer\"\n                                    role=\"region\"\n                                    aria-labelledby=\"bsh-faq-block_2ae5eac3ee5ec8b109cf2f74ecf61d54-question-7\"\n                                    data-bsh-faq-answer\n                                    hidden                                >\n                                    <div class=\"bshFaq__answerInner\"><p>No. Attualmente il B\u00e4cksteinerhof <strong>non dispone di aria condizionata<\/strong>. <\/p><\/div>\n                                <\/div>\n                            <\/article>\n                                                                                                            <article class=\"bshFaq__item\" data-bsh-faq-item>\n                                <h3 class=\"bshFaq__question\">\n                                    <button\n                                        id=\"bsh-faq-block_2ae5eac3ee5ec8b109cf2f74ecf61d54-question-8\"\n                                        class=\"bshFaq__trigger\"\n                                        type=\"button\"\n                                        aria-expanded=\"false\"\n                                        aria-controls=\"bsh-faq-block_2ae5eac3ee5ec8b109cf2f74ecf61d54-answer-8\"\n                                        data-bsh-faq-trigger\n                                    >\n                                        <span class=\"bshFaq__questionText\">C\u2019\u00e8 un ascensore?<\/span>\n                                        <span class=\"bshFaq__icon\" aria-hidden=\"true\"><\/span>\n                                    <\/button>\n                                <\/h3>\n                                <div\n                                    id=\"bsh-faq-block_2ae5eac3ee5ec8b109cf2f74ecf61d54-answer-8\"\n                                    class=\"bshFaq__answer\"\n                                    role=\"region\"\n                                    aria-labelledby=\"bsh-faq-block_2ae5eac3ee5ec8b109cf2f74ecf61d54-question-8\"\n                                    data-bsh-faq-answer\n                                    hidden                                >\n                                    <div class=\"bshFaq__answerInner\"><p>No. Nella nostra struttura <strong>non c\u2019\u00e8 ascensore<\/strong>. <\/p><\/div>\n                                <\/div>\n                            <\/article>\n                                                                                                            <article class=\"bshFaq__item\" data-bsh-faq-item>\n                                <h3 class=\"bshFaq__question\">\n                                    <button\n                                        id=\"bsh-faq-block_2ae5eac3ee5ec8b109cf2f74ecf61d54-question-9\"\n                                        class=\"bshFaq__trigger\"\n                                        type=\"button\"\n                                        aria-expanded=\"false\"\n                                        aria-controls=\"bsh-faq-block_2ae5eac3ee5ec8b109cf2f74ecf61d54-answer-9\"\n                                        data-bsh-faq-trigger\n                                    >\n                                        <span class=\"bshFaq__questionText\">Il B\u00e4cksteinerhof \u00e8 accessibile senza barriere?<\/span>\n                                        <span class=\"bshFaq__icon\" aria-hidden=\"true\"><\/span>\n                                    <\/button>\n                                <\/h3>\n                                <div\n                                    id=\"bsh-faq-block_2ae5eac3ee5ec8b109cf2f74ecf61d54-answer-9\"\n                                    class=\"bshFaq__answer\"\n                                    role=\"region\"\n                                    aria-labelledby=\"bsh-faq-block_2ae5eac3ee5ec8b109cf2f74ecf61d54-question-9\"\n                                    data-bsh-faq-answer\n                                    hidden                                >\n                                    <div class=\"bshFaq__answerInner\"><p>No. Attualmente la nostra struttura e le nostre sistemazioni <strong>non sono accessibili senza barriere<\/strong>. Se hai domande sull\u2019accessibilit\u00e0 di una sistemazione specifica, saremo felici di aiutarti personalmente.  <\/p><\/div>\n                                <\/div>\n                            <\/article>\n                                                                        <\/div>\n                            <\/div>\n            <\/div>\n<\/section>\n\n        <script type=\"application\/ld+json\">{\"@context\":\"https:\/\/schema.org\",\"@type\":\"FAQPage\",\"mainEntity\":[{\"@type\":\"Question\",\"name\":\"Le sistemazioni vengono pulite ogni giorno?\",\"acceptedAnswer\":{\"@type\":\"Answer\",\"text\":\"S\u00ec. La pulizia giornaliera \u00e8 inclusa nel prezzo per le nostre camere e i loft.\"}},{\"@type\":\"Question\",\"name\":\"Tutte le camere hanno un balcone?\",\"acceptedAnswer\":{\"@type\":\"Answer\",\"text\":\"S\u00ec. Tutte le nostre camere matrimoniali e le camere Superior dispongono di un balcone o di uno spazio esterno privato. Anche i nostri loft offrono spazi esterni privati. I dettagli dell\u2019allestimento sono indicati nella descrizione della singola sistemazione.\"}},{\"@type\":\"Question\",\"name\":\"C\u2019\u00e8 il Wi-Fi gratuito?\",\"acceptedAnswer\":{\"@type\":\"Answer\",\"text\":\"S\u00ec. Il Wi-Fi gratuito \u00e8 disponibile in tutte le camere, nei loft e nelle aree comuni del B\u00e4cksteinerhof.\"}},{\"@type\":\"Question\",\"name\":\"Con quale frequenza vengono cambiati asciugamani e biancheria da letto?\",\"acceptedAnswer\":{\"@type\":\"Answer\",\"text\":\"Asciugamani e biancheria da letto vengono cambiati, se necessario, anche ogni giorno. Se desideri un cambio, faccelo sapere.\"}},{\"@type\":\"Question\",\"name\":\"Posso avere un cuscino diverso?\",\"acceptedAnswer\":{\"@type\":\"Answer\",\"text\":\"Certo. Se preferisci un cuscino diverso, faccelo sapere. La sostituzione \u00e8 possibile su richiesta.\"}},{\"@type\":\"Question\",\"name\":\"C\u2019\u00e8 un lettino da viaggio per bambini o una sponda anticaduta?\",\"acceptedAnswer\":{\"@type\":\"Answer\",\"text\":\"S\u00ec. Un lettino da viaggio per bambini e una sponda anticaduta possono essere forniti su richiesta. Comunicaci preferibilmente la tua esigenza gi\u00e0 prima dell\u2019arrivo, cos\u00ec possiamo preparare tutto per te.\"}},{\"@type\":\"Question\",\"name\":\"Nelle camere c\u2019\u00e8 l\u2019aria condizionata?\",\"acceptedAnswer\":{\"@type\":\"Answer\",\"text\":\"No. Attualmente il B\u00e4cksteinerhof non dispone di aria condizionata.\"}},{\"@type\":\"Question\",\"name\":\"C\u2019\u00e8 un ascensore?\",\"acceptedAnswer\":{\"@type\":\"Answer\",\"text\":\"No. Nella nostra struttura non c\u2019\u00e8 ascensore.\"}},{\"@type\":\"Question\",\"name\":\"Il B\u00e4cksteinerhof \u00e8 accessibile senza barriere?\",\"acceptedAnswer\":{\"@type\":\"Answer\",\"text\":\"No. Attualmente la nostra struttura e le nostre sistemazioni non sono accessibili senza barriere. Se hai domande sull\u2019accessibilit\u00e0 di una sistemazione specifica, saremo felici di aiutarti personalmente.\"}}]}<\/script>\n<section\n    id=\"bsh-faq-block_28dfe8360c6a7302ed206459ce60f4e0\"\n    class=\"bshFaq bshFaq--two alignfull\"\n    data-bsh-faq\n    data-bsh-reveal-group\n    data-bsh-reveal-group-delay=\"0.12\"\n>\n    <div class=\"bshFaq__inner bsh-container\">\n                    <header class=\"bshFaq__header\">\n                \n                <div class=\"bshHeadingLockup bshHeadingLockup--center\">\n                                            <h2 data-bsh-split>Animali domestici<\/h2>\n                    \n                                    <\/div>\n            <\/header>\n        \n                    <div class=\"bshFaq__columns\" data-bsh-faq-columns>\n                                                        <div class=\"bshFaq__column\" data-bsh-reveal=\"fade-up\" data-bsh-reveal-delay=\"0.16\">\n                                                                                <article class=\"bshFaq__item is-open\" data-bsh-faq-item>\n                                <h3 class=\"bshFaq__question\">\n                                    <button\n                                        id=\"bsh-faq-block_28dfe8360c6a7302ed206459ce60f4e0-question-1\"\n                                        class=\"bshFaq__trigger\"\n                                        type=\"button\"\n                                        aria-expanded=\"true\"\n                                        aria-controls=\"bsh-faq-block_28dfe8360c6a7302ed206459ce60f4e0-answer-1\"\n                                        data-bsh-faq-trigger\n                                    >\n                                        <span class=\"bshFaq__questionText\">Posso portare con me il mio animale domestico?<\/span>\n                                        <span class=\"bshFaq__icon\" aria-hidden=\"true\"><\/span>\n                                    <\/button>\n                                <\/h3>\n                                <div\n                                    id=\"bsh-faq-block_28dfe8360c6a7302ed206459ce60f4e0-answer-1\"\n                                    class=\"bshFaq__answer\"\n                                    role=\"region\"\n                                    aria-labelledby=\"bsh-faq-block_28dfe8360c6a7302ed206459ce60f4e0-question-1\"\n                                    data-bsh-faq-answer\n                                                                    >\n                                    <div class=\"bshFaq__answerInner\"><p>Gli animali domestici sono ammessi in alcune sistemazioni e <strong>solo previa richiesta e conferma<\/strong>. Se gli animali sono ammessi nella sistemazione desiderata, lo trovi anche nella relativa descrizione della camera. <\/p><\/div>\n                                <\/div>\n                            <\/article>\n                                                                                                            <article class=\"bshFaq__item\" data-bsh-faq-item>\n                                <h3 class=\"bshFaq__question\">\n                                    <button\n                                        id=\"bsh-faq-block_28dfe8360c6a7302ed206459ce60f4e0-question-2\"\n                                        class=\"bshFaq__trigger\"\n                                        type=\"button\"\n                                        aria-expanded=\"false\"\n                                        aria-controls=\"bsh-faq-block_28dfe8360c6a7302ed206459ce60f4e0-answer-2\"\n                                        data-bsh-faq-trigger\n                                    >\n                                        <span class=\"bshFaq__questionText\">Un animale domestico ha un costo aggiuntivo?<\/span>\n                                        <span class=\"bshFaq__icon\" aria-hidden=\"true\"><\/span>\n                                    <\/button>\n                                <\/h3>\n                                <div\n                                    id=\"bsh-faq-block_28dfe8360c6a7302ed206459ce60f4e0-answer-2\"\n                                    class=\"bshFaq__answer\"\n                                    role=\"region\"\n                                    aria-labelledby=\"bsh-faq-block_28dfe8360c6a7302ed206459ce60f4e0-question-2\"\n                                    data-bsh-faq-answer\n                                    hidden                                >\n                                    <div class=\"bshFaq__answerInner\"><p>S\u00ec. Per gli animali domestici viene addebitato un costo aggiuntivo per notte. Il cibo non \u00e8 incluso.  <\/p><\/div>\n                                <\/div>\n                            <\/article>\n                                                                        <\/div>\n                                                        <div class=\"bshFaq__column\" data-bsh-reveal=\"fade-up\" data-bsh-reveal-delay=\"0.24\">\n                                                                                <article class=\"bshFaq__item\" data-bsh-faq-item>\n                                <h3 class=\"bshFaq__question\">\n                                    <button\n                                        id=\"bsh-faq-block_28dfe8360c6a7302ed206459ce60f4e0-question-3\"\n                                        class=\"bshFaq__trigger\"\n                                        type=\"button\"\n                                        aria-expanded=\"false\"\n                                        aria-controls=\"bsh-faq-block_28dfe8360c6a7302ed206459ce60f4e0-answer-3\"\n                                        data-bsh-faq-trigger\n                                    >\n                                        <span class=\"bshFaq__questionText\">Il mio animale domestico pu\u00f2 venire a colazione?<\/span>\n                                        <span class=\"bshFaq__icon\" aria-hidden=\"true\"><\/span>\n                                    <\/button>\n                                <\/h3>\n                                <div\n                                    id=\"bsh-faq-block_28dfe8360c6a7302ed206459ce60f4e0-answer-3\"\n                                    class=\"bshFaq__answer\"\n                                    role=\"region\"\n                                    aria-labelledby=\"bsh-faq-block_28dfe8360c6a7302ed206459ce60f4e0-question-3\"\n                                    data-bsh-faq-answer\n                                    hidden                                >\n                                    <div class=\"bshFaq__answerInner\"><p>No. Gli animali domestici <strong>non hanno accesso alle nostre sale colazione e alla terrazza della colazione<\/strong>. <\/p><\/div>\n                                <\/div>\n                            <\/article>\n                                                                                                            <article class=\"bshFaq__item\" data-bsh-faq-item>\n                                <h3 class=\"bshFaq__question\">\n                                    <button\n                                        id=\"bsh-faq-block_28dfe8360c6a7302ed206459ce60f4e0-question-4\"\n                                        class=\"bshFaq__trigger\"\n                                        type=\"button\"\n                                        aria-expanded=\"false\"\n                                        aria-controls=\"bsh-faq-block_28dfe8360c6a7302ed206459ce60f4e0-answer-4\"\n                                        data-bsh-faq-trigger\n                                    >\n                                        <span class=\"bshFaq__questionText\">Al B\u00e4cksteinerhof c\u2019\u00e8 un cane?<\/span>\n                                        <span class=\"bshFaq__icon\" aria-hidden=\"true\"><\/span>\n                                    <\/button>\n                                <\/h3>\n                                <div\n                                    id=\"bsh-faq-block_28dfe8360c6a7302ed206459ce60f4e0-answer-4\"\n                                    class=\"bshFaq__answer\"\n                                    role=\"region\"\n                                    aria-labelledby=\"bsh-faq-block_28dfe8360c6a7302ed206459ce60f4e0-question-4\"\n                                    data-bsh-faq-answer\n                                    hidden                                >\n                                    <div class=\"bshFaq__answerInner\"><p>S\u00ec, anche nella nostra fattoria c\u2019\u00e8 un cane. Tuttavia <strong>non si trova nella casa degli ospiti<\/strong>.<br \/>\nTi chiediamo di non dare da mangiare al nostro cane. <\/p><\/div>\n                                <\/div>\n                            <\/article>\n                                                                        <\/div>\n                            <\/div>\n            <\/div>\n<\/section>\n\n        <script type=\"application\/ld+json\">{\"@context\":\"https:\/\/schema.org\",\"@type\":\"FAQPage\",\"mainEntity\":[{\"@type\":\"Question\",\"name\":\"Posso portare con me il mio animale domestico?\",\"acceptedAnswer\":{\"@type\":\"Answer\",\"text\":\"Gli animali domestici sono ammessi in alcune sistemazioni e solo previa richiesta e conferma. Se gli animali sono ammessi nella sistemazione desiderata, lo trovi anche nella relativa descrizione della camera.\"}},{\"@type\":\"Question\",\"name\":\"Un animale domestico ha un costo aggiuntivo?\",\"acceptedAnswer\":{\"@type\":\"Answer\",\"text\":\"S\u00ec. Per gli animali domestici viene addebitato un costo aggiuntivo per notte. Il cibo non \u00e8 incluso.\"}},{\"@type\":\"Question\",\"name\":\"Il mio animale domestico pu\u00f2 venire a colazione?\",\"acceptedAnswer\":{\"@type\":\"Answer\",\"text\":\"No. Gli animali domestici non hanno accesso alle nostre sale colazione e alla terrazza della colazione.\"}},{\"@type\":\"Question\",\"name\":\"Al B\u00e4cksteinerhof c\u2019\u00e8 un cane?\",\"acceptedAnswer\":{\"@type\":\"Answer\",\"text\":\"S\u00ec, anche nella nostra fattoria c\u2019\u00e8 un cane. Tuttavia non si trova nella casa degli ospiti. Ti chiediamo di non dare da mangiare al nostro cane.\"}}]}<\/script>\n<section\n    id=\"bsh-faq-block_63963aaef2779a1fb5aa5dfdfa882261\"\n    class=\"bshFaq bshFaq--two alignfull\"\n    data-bsh-faq\n    data-bsh-reveal-group\n    data-bsh-reveal-group-delay=\"0.12\"\n>\n    <div class=\"bshFaq__inner bsh-container\">\n                    <header class=\"bshFaq__header\">\n                \n                <div class=\"bshHeadingLockup bshHeadingLockup--center\">\n                                            <h2 data-bsh-split>Parcheggio &amp; mobilit\u00e0<\/h2>\n                    \n                                    <\/div>\n            <\/header>\n        \n                    <div class=\"bshFaq__columns\" data-bsh-faq-columns>\n                                                        <div class=\"bshFaq__column\" data-bsh-reveal=\"fade-up\" data-bsh-reveal-delay=\"0.16\">\n                                                                                <article class=\"bshFaq__item is-open\" data-bsh-faq-item>\n                                <h3 class=\"bshFaq__question\">\n                                    <button\n                                        id=\"bsh-faq-block_63963aaef2779a1fb5aa5dfdfa882261-question-1\"\n                                        class=\"bshFaq__trigger\"\n                                        type=\"button\"\n                                        aria-expanded=\"true\"\n                                        aria-controls=\"bsh-faq-block_63963aaef2779a1fb5aa5dfdfa882261-answer-1\"\n                                        data-bsh-faq-trigger\n                                    >\n                                        <span class=\"bshFaq__questionText\">Ci sono parcheggi gratuiti?<\/span>\n                                        <span class=\"bshFaq__icon\" aria-hidden=\"true\"><\/span>\n                                    <\/button>\n                                <\/h3>\n                                <div\n                                    id=\"bsh-faq-block_63963aaef2779a1fb5aa5dfdfa882261-answer-1\"\n                                    class=\"bshFaq__answer\"\n                                    role=\"region\"\n                                    aria-labelledby=\"bsh-faq-block_63963aaef2779a1fb5aa5dfdfa882261-question-1\"\n                                    data-bsh-faq-answer\n                                                                    >\n                                    <div class=\"bshFaq__answerInner\"><p>S\u00ec. I parcheggi gratuiti sono a disposizione dei nostri ospiti direttamente in fattoria. <\/p><\/div>\n                                <\/div>\n                            <\/article>\n                                                                                                            <article class=\"bshFaq__item\" data-bsh-faq-item>\n                                <h3 class=\"bshFaq__question\">\n                                    <button\n                                        id=\"bsh-faq-block_63963aaef2779a1fb5aa5dfdfa882261-question-2\"\n                                        class=\"bshFaq__trigger\"\n                                        type=\"button\"\n                                        aria-expanded=\"false\"\n                                        aria-controls=\"bsh-faq-block_63963aaef2779a1fb5aa5dfdfa882261-answer-2\"\n                                        data-bsh-faq-trigger\n                                    >\n                                        <span class=\"bshFaq__questionText\">Posso ricaricare la mia auto elettrica al B\u00e4cksteinerhof?<\/span>\n                                        <span class=\"bshFaq__icon\" aria-hidden=\"true\"><\/span>\n                                    <\/button>\n                                <\/h3>\n                                <div\n                                    id=\"bsh-faq-block_63963aaef2779a1fb5aa5dfdfa882261-answer-2\"\n                                    class=\"bshFaq__answer\"\n                                    role=\"region\"\n                                    aria-labelledby=\"bsh-faq-block_63963aaef2779a1fb5aa5dfdfa882261-question-2\"\n                                    data-bsh-faq-answer\n                                    hidden                                >\n                                    <div class=\"bshFaq__answerInner\"><p>Direttamente in fattoria al momento <strong>non offriamo la possibilit\u00e0 di ricarica per auto elettriche<\/strong>. Nelle vicinanze, per\u00f2, ci sono stazioni di ricarica pubbliche. <\/p><\/div>\n                                <\/div>\n                            <\/article>\n                                                                        <\/div>\n                                                        <div class=\"bshFaq__column\" data-bsh-reveal=\"fade-up\" data-bsh-reveal-delay=\"0.24\">\n                                                                                <article class=\"bshFaq__item\" data-bsh-faq-item>\n                                <h3 class=\"bshFaq__question\">\n                                    <button\n                                        id=\"bsh-faq-block_63963aaef2779a1fb5aa5dfdfa882261-question-3\"\n                                        class=\"bshFaq__trigger\"\n                                        type=\"button\"\n                                        aria-expanded=\"false\"\n                                        aria-controls=\"bsh-faq-block_63963aaef2779a1fb5aa5dfdfa882261-answer-3\"\n                                        data-bsh-faq-trigger\n                                    >\n                                        <span class=\"bshFaq__questionText\">C\u2019\u00e8 un posto dove riporre le biciclette?<\/span>\n                                        <span class=\"bshFaq__icon\" aria-hidden=\"true\"><\/span>\n                                    <\/button>\n                                <\/h3>\n                                <div\n                                    id=\"bsh-faq-block_63963aaef2779a1fb5aa5dfdfa882261-answer-3\"\n                                    class=\"bshFaq__answer\"\n                                    role=\"region\"\n                                    aria-labelledby=\"bsh-faq-block_63963aaef2779a1fb5aa5dfdfa882261-question-3\"\n                                    data-bsh-faq-answer\n                                    hidden                                >\n                                    <div class=\"bshFaq__answerInner\"><p>S\u00ec. Per le biciclette \u00e8 disponibile un <strong>locale deposito chiudibile a chiave<\/strong>. <\/p><\/div>\n                                <\/div>\n                            <\/article>\n                                                                                                            <article class=\"bshFaq__item\" data-bsh-faq-item>\n                                <h3 class=\"bshFaq__question\">\n                                    <button\n                                        id=\"bsh-faq-block_63963aaef2779a1fb5aa5dfdfa882261-question-4\"\n                                        class=\"bshFaq__trigger\"\n                                        type=\"button\"\n                                        aria-expanded=\"false\"\n                                        aria-controls=\"bsh-faq-block_63963aaef2779a1fb5aa5dfdfa882261-answer-4\"\n                                        data-bsh-faq-trigger\n                                    >\n                                        <span class=\"bshFaq__questionText\">Posso ricaricare la mia e-bike?<\/span>\n                                        <span class=\"bshFaq__icon\" aria-hidden=\"true\"><\/span>\n                                    <\/button>\n                                <\/h3>\n                                <div\n                                    id=\"bsh-faq-block_63963aaef2779a1fb5aa5dfdfa882261-answer-4\"\n                                    class=\"bshFaq__answer\"\n                                    role=\"region\"\n                                    aria-labelledby=\"bsh-faq-block_63963aaef2779a1fb5aa5dfdfa882261-question-4\"\n                                    data-bsh-faq-answer\n                                    hidden                                >\n                                    <div class=\"bshFaq__answerInner\"><p>S\u00ec, gratuitamente nel locale biciclette. Per motivi di sicurezza, biciclette e batterie non possono essere portate nelle sistemazioni. <\/p><\/div>\n                                <\/div>\n                            <\/article>\n                                                                        <\/div>\n                            <\/div>\n            <\/div>\n<\/section>\n\n        <script type=\"application\/ld+json\">{\"@context\":\"https:\/\/schema.org\",\"@type\":\"FAQPage\",\"mainEntity\":[{\"@type\":\"Question\",\"name\":\"Ci sono parcheggi gratuiti?\",\"acceptedAnswer\":{\"@type\":\"Answer\",\"text\":\"S\u00ec. I parcheggi gratuiti sono a disposizione dei nostri ospiti direttamente in fattoria.\"}},{\"@type\":\"Question\",\"name\":\"Posso ricaricare la mia auto elettrica al B\u00e4cksteinerhof?\",\"acceptedAnswer\":{\"@type\":\"Answer\",\"text\":\"Direttamente in fattoria al momento non offriamo la possibilit\u00e0 di ricarica per auto elettriche. Nelle vicinanze, per\u00f2, ci sono stazioni di ricarica pubbliche.\"}},{\"@type\":\"Question\",\"name\":\"C\u2019\u00e8 un posto dove riporre le biciclette?\",\"acceptedAnswer\":{\"@type\":\"Answer\",\"text\":\"S\u00ec. Per le biciclette \u00e8 disponibile un locale deposito chiudibile a chiave.\"}},{\"@type\":\"Question\",\"name\":\"Posso ricaricare la mia e-bike?\",\"acceptedAnswer\":{\"@type\":\"Answer\",\"text\":\"S\u00ec, gratuitamente nel locale biciclette. Per motivi di sicurezza, biciclette e batterie non possono essere portate nelle sistemazioni.\"}}]}<\/script>\n<section\n    id=\"bsh-faq-block_c5bfb542a53469c045fb0c99c67d6f1e\"\n    class=\"bshFaq bshFaq--two alignfull\"\n    data-bsh-faq\n    data-bsh-reveal-group\n    data-bsh-reveal-group-delay=\"0.12\"\n>\n    <div class=\"bshFaq__inner bsh-container\">\n                    <header class=\"bshFaq__header\">\n                \n                <div class=\"bshHeadingLockup bshHeadingLockup--center\">\n                                            <h2 data-bsh-split>S\u00fcdtirol Guest Pass &amp; Merano<\/h2>\n                    \n                                    <\/div>\n            <\/header>\n        \n                    <div class=\"bshFaq__columns\" data-bsh-faq-columns>\n                                                        <div class=\"bshFaq__column\" data-bsh-reveal=\"fade-up\" data-bsh-reveal-delay=\"0.16\">\n                                                                                <article class=\"bshFaq__item is-open\" data-bsh-faq-item>\n                                <h3 class=\"bshFaq__question\">\n                                    <button\n                                        id=\"bsh-faq-block_c5bfb542a53469c045fb0c99c67d6f1e-question-1\"\n                                        class=\"bshFaq__trigger\"\n                                        type=\"button\"\n                                        aria-expanded=\"true\"\n                                        aria-controls=\"bsh-faq-block_c5bfb542a53469c045fb0c99c67d6f1e-answer-1\"\n                                        data-bsh-faq-trigger\n                                    >\n                                        <span class=\"bshFaq__questionText\">Il S\u00fcdtirol Guest Pass \u00e8 incluso?<\/span>\n                                        <span class=\"bshFaq__icon\" aria-hidden=\"true\"><\/span>\n                                    <\/button>\n                                <\/h3>\n                                <div\n                                    id=\"bsh-faq-block_c5bfb542a53469c045fb0c99c67d6f1e-answer-1\"\n                                    class=\"bshFaq__answer\"\n                                    role=\"region\"\n                                    aria-labelledby=\"bsh-faq-block_c5bfb542a53469c045fb0c99c67d6f1e-question-1\"\n                                    data-bsh-faq-answer\n                                                                    >\n                                    <div class=\"bshFaq__answerInner\"><p>S\u00ec. I nostri ospiti ricevono il <strong>S\u00fcdtirol Guest Pass gratuitamente<\/strong> per tutta la durata del soggiorno. Consente di utilizzare numerosi mezzi di trasporto pubblico in Alto Adige.  <\/p><\/div>\n                                <\/div>\n                            <\/article>\n                                                                                                            <article class=\"bshFaq__item\" data-bsh-faq-item>\n                                <h3 class=\"bshFaq__question\">\n                                    <button\n                                        id=\"bsh-faq-block_c5bfb542a53469c045fb0c99c67d6f1e-question-2\"\n                                        class=\"bshFaq__trigger\"\n                                        type=\"button\"\n                                        aria-expanded=\"false\"\n                                        aria-controls=\"bsh-faq-block_c5bfb542a53469c045fb0c99c67d6f1e-answer-2\"\n                                        data-bsh-faq-trigger\n                                    >\n                                        <span class=\"bshFaq__questionText\">Quanto dista il centro di Merano?<\/span>\n                                        <span class=\"bshFaq__icon\" aria-hidden=\"true\"><\/span>\n                                    <\/button>\n                                <\/h3>\n                                <div\n                                    id=\"bsh-faq-block_c5bfb542a53469c045fb0c99c67d6f1e-answer-2\"\n                                    class=\"bshFaq__answer\"\n                                    role=\"region\"\n                                    aria-labelledby=\"bsh-faq-block_c5bfb542a53469c045fb0c99c67d6f1e-question-2\"\n                                    data-bsh-faq-answer\n                                    hidden                                >\n                                    <div class=\"bshFaq__answerInner\"><p>Il B\u00e4cksteinerhof si trova in una posizione tranquilla nel verde e allo stesso tempo a meno di <strong>due chilometri dalle passeggiate, dai portici, dai caff\u00e8 e dai ristoranti di Merano<\/strong>.<\/p><\/div>\n                                <\/div>\n                            <\/article>\n                                                                        <\/div>\n                                                        <div class=\"bshFaq__column\" data-bsh-reveal=\"fade-up\" data-bsh-reveal-delay=\"0.24\">\n                                                                                <article class=\"bshFaq__item\" data-bsh-faq-item>\n                                <h3 class=\"bshFaq__question\">\n                                    <button\n                                        id=\"bsh-faq-block_c5bfb542a53469c045fb0c99c67d6f1e-question-3\"\n                                        class=\"bshFaq__trigger\"\n                                        type=\"button\"\n                                        aria-expanded=\"false\"\n                                        aria-controls=\"bsh-faq-block_c5bfb542a53469c045fb0c99c67d6f1e-answer-3\"\n                                        data-bsh-faq-trigger\n                                    >\n                                        <span class=\"bshFaq__questionText\">Posso raggiungere Merano anche senza auto?<\/span>\n                                        <span class=\"bshFaq__icon\" aria-hidden=\"true\"><\/span>\n                                    <\/button>\n                                <\/h3>\n                                <div\n                                    id=\"bsh-faq-block_c5bfb542a53469c045fb0c99c67d6f1e-answer-3\"\n                                    class=\"bshFaq__answer\"\n                                    role=\"region\"\n                                    aria-labelledby=\"bsh-faq-block_c5bfb542a53469c045fb0c99c67d6f1e-question-3\"\n                                    data-bsh-faq-answer\n                                    hidden                                >\n                                    <div class=\"bshFaq__answerInner\"><p>S\u00ec. Una fermata dell\u2019autobus si trova a pochi minuti a piedi dalla fattoria. Con autobus e S\u00fcdtirol Guest Pass puoi raggiungere comodamente Merano e molte altre mete senza auto.  <\/p><\/div>\n                                <\/div>\n                            <\/article>\n                                                                                                            <article class=\"bshFaq__item\" data-bsh-faq-item>\n                                <h3 class=\"bshFaq__question\">\n                                    <button\n                                        id=\"bsh-faq-block_c5bfb542a53469c045fb0c99c67d6f1e-question-4\"\n                                        class=\"bshFaq__trigger\"\n                                        type=\"button\"\n                                        aria-expanded=\"false\"\n                                        aria-controls=\"bsh-faq-block_c5bfb542a53469c045fb0c99c67d6f1e-answer-4\"\n                                        data-bsh-faq-trigger\n                                    >\n                                        <span class=\"bshFaq__questionText\">Ho diritto a uno sconto per le Terme di Merano?<\/span>\n                                        <span class=\"bshFaq__icon\" aria-hidden=\"true\"><\/span>\n                                    <\/button>\n                                <\/h3>\n                                <div\n                                    id=\"bsh-faq-block_c5bfb542a53469c045fb0c99c67d6f1e-answer-4\"\n                                    class=\"bshFaq__answer\"\n                                    role=\"region\"\n                                    aria-labelledby=\"bsh-faq-block_c5bfb542a53469c045fb0c99c67d6f1e-question-4\"\n                                    data-bsh-faq-answer\n                                    hidden                                >\n                                    <div class=\"bshFaq__answerInner\"><p>S\u00ec. Attualmente i nostri ospiti ricevono <strong>il 10% di sconto sugli ingressi alle Terme di Merano<\/strong>. Su richiesta, saremo felici di aiutarti anche con la prenotazione anticipata dei biglietti.  <\/p><\/div>\n                                <\/div>\n                            <\/article>\n                                                                        <\/div>\n                            <\/div>\n            <\/div>\n<\/section>\n\n        <script type=\"application\/ld+json\">{\"@context\":\"https:\/\/schema.org\",\"@type\":\"FAQPage\",\"mainEntity\":[{\"@type\":\"Question\",\"name\":\"Il S\u00fcdtirol Guest Pass \u00e8 incluso?\",\"acceptedAnswer\":{\"@type\":\"Answer\",\"text\":\"S\u00ec. I nostri ospiti ricevono il S\u00fcdtirol Guest Pass gratuitamente per tutta la durata del soggiorno. Consente di utilizzare numerosi mezzi di trasporto pubblico in Alto Adige.\"}},{\"@type\":\"Question\",\"name\":\"Quanto dista il centro di Merano?\",\"acceptedAnswer\":{\"@type\":\"Answer\",\"text\":\"Il B\u00e4cksteinerhof si trova in una posizione tranquilla nel verde e allo stesso tempo a meno di due chilometri dalle passeggiate, dai portici, dai caff\u00e8 e dai ristoranti di Merano.\"}},{\"@type\":\"Question\",\"name\":\"Posso raggiungere Merano anche senza auto?\",\"acceptedAnswer\":{\"@type\":\"Answer\",\"text\":\"S\u00ec. Una fermata dell\u2019autobus si trova a pochi minuti a piedi dalla fattoria. Con autobus e S\u00fcdtirol Guest Pass puoi raggiungere comodamente Merano e molte altre mete senza auto.\"}},{\"@type\":\"Question\",\"name\":\"Ho diritto a uno sconto per le Terme di Merano?\",\"acceptedAnswer\":{\"@type\":\"Answer\",\"text\":\"S\u00ec. Attualmente i nostri ospiti ricevono il 10% di sconto sugli ingressi alle Terme di Merano. Su richiesta, saremo felici di aiutarti anche con la prenotazione anticipata dei biglietti.\"}}]}<\/script>\n<section\n    id=\"bsh-faq-block_a2c0a6692fc4e24466e1b4967c8c6782\"\n    class=\"bshFaq bshFaq--two alignfull\"\n    data-bsh-faq\n    data-bsh-reveal-group\n    data-bsh-reveal-group-delay=\"0.12\"\n>\n    <div class=\"bshFaq__inner bsh-container\">\n                    <header class=\"bshFaq__header\">\n                \n                <div class=\"bshHeadingLockup bshHeadingLockup--center\">\n                                            <h2 data-bsh-split>Altri servizi<\/h2>\n                    \n                                    <\/div>\n            <\/header>\n        \n                    <div class=\"bshFaq__columns\" data-bsh-faq-columns>\n                                                        <div class=\"bshFaq__column\" data-bsh-reveal=\"fade-up\" data-bsh-reveal-delay=\"0.16\">\n                                                                                <article class=\"bshFaq__item is-open\" data-bsh-faq-item>\n                                <h3 class=\"bshFaq__question\">\n                                    <button\n                                        id=\"bsh-faq-block_a2c0a6692fc4e24466e1b4967c8c6782-question-1\"\n                                        class=\"bshFaq__trigger\"\n                                        type=\"button\"\n                                        aria-expanded=\"true\"\n                                        aria-controls=\"bsh-faq-block_a2c0a6692fc4e24466e1b4967c8c6782-answer-1\"\n                                        data-bsh-faq-trigger\n                                    >\n                                        <span class=\"bshFaq__questionText\">Ci sono bevande in struttura?<\/span>\n                                        <span class=\"bshFaq__icon\" aria-hidden=\"true\"><\/span>\n                                    <\/button>\n                                <\/h3>\n                                <div\n                                    id=\"bsh-faq-block_a2c0a6692fc4e24466e1b4967c8c6782-answer-1\"\n                                    class=\"bshFaq__answer\"\n                                    role=\"region\"\n                                    aria-labelledby=\"bsh-faq-block_a2c0a6692fc4e24466e1b4967c8c6782-question-1\"\n                                    data-bsh-faq-answer\n                                                                    >\n                                    <div class=\"bshFaq__answerInner\"><p>S\u00ec. Con la nostra <strong>Honesty Bar<\/strong> puoi servirti 24 ore su 24 di una selezione di bevande e vini. <\/p><\/div>\n                                <\/div>\n                            <\/article>\n                                                                                                            <article class=\"bshFaq__item\" data-bsh-faq-item>\n                                <h3 class=\"bshFaq__question\">\n                                    <button\n                                        id=\"bsh-faq-block_a2c0a6692fc4e24466e1b4967c8c6782-question-2\"\n                                        class=\"bshFaq__trigger\"\n                                        type=\"button\"\n                                        aria-expanded=\"false\"\n                                        aria-controls=\"bsh-faq-block_a2c0a6692fc4e24466e1b4967c8c6782-answer-2\"\n                                        data-bsh-faq-trigger\n                                    >\n                                        <span class=\"bshFaq__questionText\">Posso prendere in prestito accappatoi e teli da bagno?<\/span>\n                                        <span class=\"bshFaq__icon\" aria-hidden=\"true\"><\/span>\n                                    <\/button>\n                                <\/h3>\n                                <div\n                                    id=\"bsh-faq-block_a2c0a6692fc4e24466e1b4967c8c6782-answer-2\"\n                                    class=\"bshFaq__answer\"\n                                    role=\"region\"\n                                    aria-labelledby=\"bsh-faq-block_a2c0a6692fc4e24466e1b4967c8c6782-question-2\"\n                                    data-bsh-faq-answer\n                                    hidden                                >\n                                    <div class=\"bshFaq__answerInner\"><p>S\u00ec. Accappatoi e teli da bagno aggiuntivi possono essere presi in prestito su richiesta. <\/p><\/div>\n                                <\/div>\n                            <\/article>\n                                                                        <\/div>\n                                                        <div class=\"bshFaq__column\" data-bsh-reveal=\"fade-up\" data-bsh-reveal-delay=\"0.24\">\n                                                                                <article class=\"bshFaq__item\" data-bsh-faq-item>\n                                <h3 class=\"bshFaq__question\">\n                                    <button\n                                        id=\"bsh-faq-block_a2c0a6692fc4e24466e1b4967c8c6782-question-3\"\n                                        class=\"bshFaq__trigger\"\n                                        type=\"button\"\n                                        aria-expanded=\"false\"\n                                        aria-controls=\"bsh-faq-block_a2c0a6692fc4e24466e1b4967c8c6782-answer-3\"\n                                        data-bsh-faq-trigger\n                                    >\n                                        <span class=\"bshFaq__questionText\">Posso lavare la mia biancheria al B\u00e4cksteinerhof?<\/span>\n                                        <span class=\"bshFaq__icon\" aria-hidden=\"true\"><\/span>\n                                    <\/button>\n                                <\/h3>\n                                <div\n                                    id=\"bsh-faq-block_a2c0a6692fc4e24466e1b4967c8c6782-answer-3\"\n                                    class=\"bshFaq__answer\"\n                                    role=\"region\"\n                                    aria-labelledby=\"bsh-faq-block_a2c0a6692fc4e24466e1b4967c8c6782-question-3\"\n                                    data-bsh-faq-answer\n                                    hidden                                >\n                                    <div class=\"bshFaq__answerInner\"><p>Al momento non offriamo la possibilit\u00e0 di lavare la biancheria degli ospiti. Nelle vicinanze, per\u00f2, ci sono <strong>lavanderie self-service<\/strong> che puoi utilizzare facilmente. <\/p><\/div>\n                                <\/div>\n                            <\/article>\n                                                                        <\/div>\n                            <\/div>\n            <\/div>\n<\/section>\n\n        <script type=\"application\/ld+json\">{\"@context\":\"https:\/\/schema.org\",\"@type\":\"FAQPage\",\"mainEntity\":[{\"@type\":\"Question\",\"name\":\"Ci sono bevande in struttura?\",\"acceptedAnswer\":{\"@type\":\"Answer\",\"text\":\"S\u00ec. Con la nostra Honesty Bar puoi servirti 24 ore su 24 di una selezione di bevande e vini.\"}},{\"@type\":\"Question\",\"name\":\"Posso prendere in prestito accappatoi e teli da bagno?\",\"acceptedAnswer\":{\"@type\":\"Answer\",\"text\":\"S\u00ec. Accappatoi e teli da bagno aggiuntivi possono essere presi in prestito su richiesta.\"}},{\"@type\":\"Question\",\"name\":\"Posso lavare la mia biancheria al B\u00e4cksteinerhof?\",\"acceptedAnswer\":{\"@type\":\"Answer\",\"text\":\"Al momento non offriamo la possibilit\u00e0 di lavare la biancheria degli ospiti. Nelle vicinanze, per\u00f2, ci sono lavanderie self-service che puoi utilizzare facilmente.\"}}]}<\/script>\n<section\n    id=\"bsh-faq-block_4b34a2f4487901696419a4e4174491d4\"\n    class=\"bshFaq bshFaq--two alignfull\"\n    data-bsh-faq\n    data-bsh-reveal-group\n    data-bsh-reveal-group-delay=\"0.12\"\n>\n    <div class=\"bshFaq__inner bsh-container\">\n                    <header class=\"bshFaq__header\">\n                \n                <div class=\"bshHeadingLockup bshHeadingLockup--center\">\n                                            <h2 data-bsh-split>Casa, quiete &amp; sostenibilit\u00e0<\/h2>\n                    \n                                    <\/div>\n            <\/header>\n        \n                    <div class=\"bshFaq__columns\" data-bsh-faq-columns>\n                                                        <div class=\"bshFaq__column\" data-bsh-reveal=\"fade-up\" data-bsh-reveal-delay=\"0.16\">\n                                                                                <article class=\"bshFaq__item is-open\" data-bsh-faq-item>\n                                <h3 class=\"bshFaq__question\">\n                                    <button\n                                        id=\"bsh-faq-block_4b34a2f4487901696419a4e4174491d4-question-1\"\n                                        class=\"bshFaq__trigger\"\n                                        type=\"button\"\n                                        aria-expanded=\"true\"\n                                        aria-controls=\"bsh-faq-block_4b34a2f4487901696419a4e4174491d4-answer-1\"\n                                        data-bsh-faq-trigger\n                                    >\n                                        <span class=\"bshFaq__questionText\">\u00c8 consentito fumare nelle sistemazioni?<\/span>\n                                        <span class=\"bshFaq__icon\" aria-hidden=\"true\"><\/span>\n                                    <\/button>\n                                <\/h3>\n                                <div\n                                    id=\"bsh-faq-block_4b34a2f4487901696419a4e4174491d4-answer-1\"\n                                    class=\"bshFaq__answer\"\n                                    role=\"region\"\n                                    aria-labelledby=\"bsh-faq-block_4b34a2f4487901696419a4e4174491d4-question-1\"\n                                    data-bsh-faq-answer\n                                                                    >\n                                    <div class=\"bshFaq__answerInner\"><p>No. Tutti gli ambienti interni e le sistemazioni del B\u00e4cksteinerhof sono <strong>aree non fumatori:<\/strong> <\/p><\/div>\n                                <\/div>\n                            <\/article>\n                                                                                                            <article class=\"bshFaq__item\" data-bsh-faq-item>\n                                <h3 class=\"bshFaq__question\">\n                                    <button\n                                        id=\"bsh-faq-block_4b34a2f4487901696419a4e4174491d4-question-2\"\n                                        class=\"bshFaq__trigger\"\n                                        type=\"button\"\n                                        aria-expanded=\"false\"\n                                        aria-controls=\"bsh-faq-block_4b34a2f4487901696419a4e4174491d4-answer-2\"\n                                        data-bsh-faq-trigger\n                                    >\n                                        <span class=\"bshFaq__questionText\">Posso ricevere al B\u00e4cksteinerhof visitatori esterni?<\/span>\n                                        <span class=\"bshFaq__icon\" aria-hidden=\"true\"><\/span>\n                                    <\/button>\n                                <\/h3>\n                                <div\n                                    id=\"bsh-faq-block_4b34a2f4487901696419a4e4174491d4-answer-2\"\n                                    class=\"bshFaq__answer\"\n                                    role=\"region\"\n                                    aria-labelledby=\"bsh-faq-block_4b34a2f4487901696419a4e4174491d4-question-2\"\n                                    data-bsh-faq-answer\n                                    hidden                                >\n                                    <div class=\"bshFaq__answerInner\"><p>No. I nostri ospiti apprezzano in particolare l\u2019atmosfera tranquilla e personale della casa. Per preservarla, <strong>non sono ammessi visitatori esterni<\/strong>.  <\/p><\/div>\n                                <\/div>\n                            <\/article>\n                                                                        <\/div>\n                                                        <div class=\"bshFaq__column\" data-bsh-reveal=\"fade-up\" data-bsh-reveal-delay=\"0.24\">\n                                                                                <article class=\"bshFaq__item\" data-bsh-faq-item>\n                                <h3 class=\"bshFaq__question\">\n                                    <button\n                                        id=\"bsh-faq-block_4b34a2f4487901696419a4e4174491d4-question-3\"\n                                        class=\"bshFaq__trigger\"\n                                        type=\"button\"\n                                        aria-expanded=\"false\"\n                                        aria-controls=\"bsh-faq-block_4b34a2f4487901696419a4e4174491d4-answer-3\"\n                                        data-bsh-faq-trigger\n                                    >\n                                        <span class=\"bshFaq__questionText\">Come gestite le bottiglie di plastica e i rifiuti da imballaggio?<\/span>\n                                        <span class=\"bshFaq__icon\" aria-hidden=\"true\"><\/span>\n                                    <\/button>\n                                <\/h3>\n                                <div\n                                    id=\"bsh-faq-block_4b34a2f4487901696419a4e4174491d4-answer-3\"\n                                    class=\"bshFaq__answer\"\n                                    role=\"region\"\n                                    aria-labelledby=\"bsh-faq-block_4b34a2f4487901696419a4e4174491d4-question-3\"\n                                    data-bsh-faq-answer\n                                    hidden                                >\n                                    <div class=\"bshFaq__answerInner\"><p>Cerchiamo di evitare rifiuti da imballaggio inutili e siamo felici se anche tu ci aiuti in questo. Ti chiediamo in particolare di rinunciare, per quanto possibile durante il soggiorno, alle <strong>bottiglie di plastica monouso<\/strong>. <\/p>\n<p>Ti chiediamo di smaltire autonomamente bottiglie di vetro e bottiglie con cauzione portate da casa, cos\u00ec come imballaggi e quantit\u00e0 maggiori di rifiuti portati da casa.<\/p>\n<p>Se non sai dove smaltire qualcosa, saremo naturalmente felici di aiutarti.<\/p><\/div>\n                                <\/div>\n                            <\/article>\n                                                                        <\/div>\n                            <\/div>\n            <\/div>\n<\/section>\n\n        <script type=\"application\/ld+json\">{\"@context\":\"https:\/\/schema.org\",\"@type\":\"FAQPage\",\"mainEntity\":[{\"@type\":\"Question\",\"name\":\"\u00c8 consentito fumare nelle sistemazioni?\",\"acceptedAnswer\":{\"@type\":\"Answer\",\"text\":\"No. Tutti gli ambienti interni e le sistemazioni del B\u00e4cksteinerhof sono aree non fumatori:\"}},{\"@type\":\"Question\",\"name\":\"Posso ricevere al B\u00e4cksteinerhof visitatori esterni?\",\"acceptedAnswer\":{\"@type\":\"Answer\",\"text\":\"No. I nostri ospiti apprezzano in particolare l\u2019atmosfera tranquilla e personale della casa. Per preservarla, non sono ammessi visitatori esterni.\"}},{\"@type\":\"Question\",\"name\":\"Come gestite le bottiglie di plastica e i rifiuti da imballaggio?\",\"acceptedAnswer\":{\"@type\":\"Answer\",\"text\":\"Cerchiamo di evitare rifiuti da imballaggio inutili e siamo felici se anche tu ci aiuti in questo. Ti chiediamo in particolare di rinunciare, per quanto possibile durante il soggiorno, alle bottiglie di plastica monouso. Ti chiediamo di smaltire autonomamente bottiglie di vetro e bottiglie con cauzione portate da casa, cos\u00ec come imballaggi e quantit\u00e0 maggiori di rifiuti portati da casa. Se non sai dove smaltire qualcosa, saremo naturalmente felici di aiutarti.\"}}]}<\/script>\n\n<h2 class=\"wp-block-heading\"><strong>Un\u2019altra domanda?<\/strong><\/h2>\n\n<p class=\"wp-block-paragraph\">A volte una domanda personale si risolve pi\u00f9 facilmente con una risposta diretta. Chiamaci o scrivici pure \u2013 <strong>siamo felici di aiutarti.<\/strong> <\/p>\n","protected":false},"excerpt":{"rendered":"<p>Un\u2019altra domanda? A volte una domanda personale si risolve pi\u00f9 facilmente con una risposta diretta. Chiamaci o scrivici pure \u2013 siamo felici di aiutarti.<\/p>\n","protected":false},"author":2,"featured_media":1093,"parent":0,"menu_order":0,"comment_status":"closed","ping_status":"closed","template":"page-immersive-white.php","meta":{"_acf_changed":false,"inline_featured_image":false,"footnotes":""},"class_list":["post-1111","page","type-page","status-publish","has-post-thumbnail","hentry"],"acf":[],"_links":{"self":[{"href":"https:\/\/www.baecksteinerhof.com\/it\/wp-json\/wp\/v2\/pages\/1111","targetHints":{"allow":["GET"]}}],"collection":[{"href":"https:\/\/www.baecksteinerhof.com\/it\/wp-json\/wp\/v2\/pages"}],"about":[{"href":"https:\/\/www.baecksteinerhof.com\/it\/wp-json\/wp\/v2\/types\/page"}],"author":[{"embeddable":true,"href":"https:\/\/www.baecksteinerhof.com\/it\/wp-json\/wp\/v2\/users\/2"}],"replies":[{"embeddable":true,"href":"https:\/\/www.baecksteinerhof.com\/it\/wp-json\/wp\/v2\/comments?post=1111"}],"version-history":[{"count":3,"href":"https:\/\/www.baecksteinerhof.com\/it\/wp-json\/wp\/v2\/pages\/1111\/revisions"}],"predecessor-version":[{"id":1324,"href":"https:\/\/www.baecksteinerhof.com\/it\/wp-json\/wp\/v2\/pages\/1111\/revisions\/1324"}],"wp:featuredmedia":[{"embeddable":true,"href":"https:\/\/www.baecksteinerhof.com\/it\/wp-json\/wp\/v2\/media\/1093"}],"wp:attachment":[{"href":"https:\/\/www.baecksteinerhof.com\/it\/wp-json\/wp\/v2\/media?parent=1111"}],"curies":[{"name":"wp","href":"https:\/\/api.w.org\/{rel}","templated":true}]}}