{"id":1104,"date":"2026-08-10T18:55:15","date_gmt":"2026-08-10T18:55:15","guid":{"rendered":"https:\/\/neu.baecksteinerhof.com\/colazione\/"},"modified":"2026-08-28T19:20:43","modified_gmt":"2026-08-28T19:20:43","slug":"colazione","status":"publish","type":"page","link":"https:\/\/www.baecksteinerhof.com\/it\/colazione\/","title":{"rendered":"Colazione"},"content":{"rendered":"\n<div style=\"height:50px\" aria-hidden=\"true\" class=\"wp-block-spacer\"><\/div>\n\n\n<section id=\"bsh-basetext-block_2180d52db246a2c44e11a11359284a9c\" class=\"bshBaseText bshBaseText--transparent alignfull\" data-bsh-reveal-group data-bsh-reveal-group-delay=\"0.2\">\n    <div class=\"bshBaseText__layout bsh-container\">\n        \n        <div class=\"bshBaseText__content\">\n            \n                            <div class=\"bshHeadingLockup bshHeadingLockup--center\">\n                                            <h2 data-bsh-split>Questo tavolo lo abbiamo preparato oggi per voi.<\/h2>\n                                                        <\/div>\n            \n                            <div class=\"bshBaseText__copy\" data-bsh-reveal=\"fade-up\" data-bsh-reveal-delay=\"0.24\">\n                    <p>Un tavolo apparecchiato ha qualcosa di personale: ci si siede, si inizia la giornata con calma senza dover cercare la propria colazione tra il buffet, gli altri ospiti e le ciotole.<\/p>\n<p>Da noi scegliete ci\u00f2 che desiderate al mattino. Prepariamo la vostra colazione e ve la serviamo volentieri direttamente al tavolo, poco alla volta, proprio come piace a voi. <\/p>\n<p>Forse \u00e8 la torta fatta in casa, il succo di frutta dei nostri alberi o la marmellata che abbiamo preparato noi stessi. O il burro contadino fresco del nostro amico della Val Sarentino, che magari risveglia anche ricordi d&#8217;infanzia. Spesso sono proprio queste piccole cose a rendere speciale una mattina.  <\/p>\n<p>Vorremmo farvi sentire proprio questo: questo tavolo lo abbiamo preparato oggi per voi.<\/p>                <\/div>\n                    <\/div>\n    <\/div>\n<\/section>\n\n\n\n<div style=\"height:50px\" aria-hidden=\"true\" class=\"wp-block-spacer\"><\/div>\n\n\n<section\n    id=\"bsh-img-overlay-block_4a4b682cec0638fb31116f3b40bd0afd\"\n    class=\"bshImgOverlay bshImgOverlay--screen alignfull bshImgOverlay--hasContent\"\n    style=\"--bsh-img-overlay-opacity: 0.5;\"\n    aria-label=\"Baecksteinerhof visual\"\n    data-bsh-parallax-section\n>\n    <div\n        class=\"bshImgOverlay__media bshImgOverlay__media--fixed\"\n        style=\"background-image: url(&quot;https:\/\/www.baecksteinerhof.com\/wp-content\/uploads\/2026\/08\/breakfast_01-2400x1400.jpg&quot;);\"        aria-hidden=\"true\"\n        data-bsh-parallax-media\n    >\n                    <img width=\"2400\" height=\"1400\" src=\"https:\/\/www.baecksteinerhof.com\/wp-content\/uploads\/2026\/08\/breakfast_01-2400x1400.jpg\" class=\"bshImgOverlay__image\" alt=\"breakfast merano\" loading=\"lazy\" decoding=\"async\" fetchpriority=\"auto\" \/>            <\/div>\n\n    <div class=\"bshImgOverlay__shade\" aria-hidden=\"true\"><\/div>\n\n            <div class=\"bshImgOverlay__content bsh-container\" data-bsh-reveal-group data-bsh-reveal-group-delay=\"0.16\">\n            <div class=\"bshImgOverlay__lockup\">\n                \n                                    <h2 data-bsh-split>La mia colazione. Fatta per me.<\/h2>\n                                            <\/div>\n            <div class=\"bshImgOverlay__copy\" data-bsh-reveal=\"fade-up\" data-bsh-reveal-delay=\"0.28\"><p>Da noi la giornata non inizia al buffet, ma al tavolo apparecchiato. Vogliamo mostrarvi cosa possono offrire alimenti di alta qualit\u00e0, prodotti accuratamente selezionati e fatti in casa. La nostra colazione non deve essere semplicemente un servizio incluso nel pernottamento, ma un inizio di giornata personale e gustoso.  <\/p>\n<\/div>        <\/div>\n    \n    <\/section>\n\n\n<section\n    id=\"bsh-whyus-block_a1db10980b9b43254c33685d8400ea43\"\n    class=\"bshWhyUs alignfull\"\n    data-bsh-reveal-group\n    data-bsh-reveal-group-delay=\"0.2\"\n    data-bsh-reveal-start=\"top 78%\"\n    data-bsh-reveal-end=\"bottom 8%\"\n    data-bsh-whyus\n>\n    <div class=\"bshWhyUs__grid bsh-container\">\n        <div class=\"bshWhyUs__intro\">\n            \n                            <div class=\"bshHeadingLockup\">\n                                            <h2 data-bsh-split>Meno eccessi. Pi\u00f9 gusto. Pi\u00f9 valore<\/h2>\n                                        <h6 class=\"bshSubtitle\" data-bsh-reveal=\"fade-up\" data-bsh-reveal-delay=\"0.12\">Il mio piacere<\/h6>                <\/div>\n                        <div class=\"bshWhyUs__copy\" data-bsh-reveal=\"fade-up\" data-bsh-reveal-delay=\"0.16\"><p class=\"isSelectedEnd\">Preferiamo scegliere con consapevolezza, prestare attenzione alla freschezza, alla provenienza e al gusto e preparare ci\u00f2 che d\u00e0 davvero piacere. Alcuni prodotti provengono direttamente dal nostro maso, altri da persone e aziende di cui conosciamo e apprezziamo il lavoro. <\/p>\n<p class=\"isSelectedEnd\">Cos\u00ec gli alimenti possono tornare a essere qualcosa di speciale \u2013 invece di essere solo parte di una scelta il pi\u00f9 ampia possibile.<\/p>\n<p>E poich\u00e9 prepariamo e serviamo solo ci\u00f2 che \u00e8 effettivamente desiderato, possiamo lavorare con maggiore cura, garantire pi\u00f9 freschezza e allo stesso tempo gestire gli alimenti in modo pi\u00f9 consapevole.<\/p><\/div>                    <\/div>\n\n                                                <article\n                    class=\"bshWhyUs__item\"\n                    data-bsh-reveal=\"fade-in\"\n                    data-bsh-reveal-delay=\"0.36\"\n                                    >\n                    \n                    <div class=\"bshWhyUs__itemInner\">\n                        <div class=\"bshWhyUs__face bshWhyUs__front\">\n                            <div class=\"bshWhyUs__icon\" aria-hidden=\"true\"><i data-lucide=\"users\"><\/i><\/div>\n                            <h5>Alimenti con dietro persone e storie.<\/h5>                            <p>Per noi i buoni alimenti hanno una storia. Molte cose le facciamo noi stessi. Altre provengono da persone vicine e lontane, il cui lavoro e i cui prodotti conosciamo e apprezziamo.\r\nPer noi sono decisivi il gusto, la qualit\u00e0 e l&#039;origine \u2013 e la conoscenza di chi e cosa c&#039;\u00e8 dietro un alimento.<\/p>                        <\/div>\n\n                                            <\/div>\n                <\/article>\n                                                                                            <article\n                    class=\"bshWhyUs__item\"\n                    data-bsh-reveal=\"fade-in\"\n                    data-bsh-reveal-delay=\"0.52\"\n                                    >\n                    \n                    <div class=\"bshWhyUs__itemInner\">\n                        <div class=\"bshWhyUs__face bshWhyUs__front\">\n                            <div class=\"bshWhyUs__icon\" aria-hidden=\"true\"><i data-lucide=\"globe\"><\/i><\/div>\n                            <h5>Il pi\u00f9 vicino possibile. Pi\u00f9 lontano, quando ha senso.<\/h5>                            <p>Dove possibile, preferiamo prodotti direttamente dal maso. Le nostre uova, per esempio, provengono in gran parte dalle nostre galline durante tutto l\u2019anno \u2013 a pochi metri dalla tavola della colazione. Veri prodotti a chilometro zero. Ma per noi il buon gusto non si ferma a una determinata distanza. Cos\u00ec anche alcune specialit\u00e0 selezionate del Sud Italia possono trovare posto sulla nostra tavola, quando qualit\u00e0, grado di maturazione e gusto ci convincono.<\/p>                        <\/div>\n\n                                            <\/div>\n                <\/article>\n                        <\/div>\n<\/section>\n\n\n<section id=\"bsh-basetext-block_c9fce19d2840bf3d0a285d3d38f2b6f2\" class=\"bshBaseText bshBaseText--white alignfull\" data-bsh-reveal-group data-bsh-reveal-group-delay=\"0.2\">\n    <div class=\"bshBaseText__layout bsh-container\">\n        \n        <div class=\"bshBaseText__content\">\n            \n                            <div class=\"bshHeadingLockup bshHeadingLockup--center\">\n                                            <h2 data-bsh-split>Colazione con atmosfera<\/h2>\n                                        <h6 class=\"bshSubtitle\" data-bsh-reveal=\"fade-up\" data-bsh-reveal-delay=\"0.14\">Nella Meranerstube del 1808<\/h6>                <\/div>\n            \n                            <div class=\"bshBaseText__copy\" data-bsh-reveal=\"fade-up\" data-bsh-reveal-delay=\"0.24\">\n                    <p style=\"text-align: left\">Anche l&#8217;ambiente per noi fa parte di una buona colazione.<\/p>\n<p style=\"text-align: left\">I nostri ospiti delle camere iniziano la giornata nella storica Meranerstube del 1808. Un ambiente con storia \u2013 e con un legame molto speciale con la nostra famiglia. <\/p>\n<p style=\"text-align: left\">Nel 1908, nostro nonno acquist\u00f2 l&#8217;originale Stube meranese da una delle locande di Merano dell&#8217;epoca che vendeva i suoi arredi. La Stube fu laccata di scuro e successivamente installata nella casa colonica del B\u00e4cksteinerhof. <\/p>\n<p style=\"text-align: left\">Per la famiglia di allora, composta da circa 15 persone, era molto pi\u00f9 di una semplice bella stanza: era l&#8217;unico ambiente riscaldato della casa e quindi per molti anni il centro della vita familiare. Qui si mangiava, si stava insieme, si raccontava e si condividevano tanti bei momenti. <\/p>\n<p style=\"text-align: left\">Quando la vecchia casa del maso fu demolita negli anni Settanta, la Stube rimase conservata per alcuni decenni in un deposito. In seguito fu restaurata con grande cura da artigiani specializzati e infine integrata nel B\u00e4cksteinerhof come sala per la colazione. <\/p>\n<p>&nbsp;<\/p>\n<p style=\"text-align: left\"><strong>Oggi i nostri ospiti siedono nello stesso luogo in cui si riunivano gi\u00e0 le generazioni precedenti e iniziano la giornata davanti a una tavola apparecchiata per la colazione.<\/strong><\/p>                <\/div>\n                    <\/div>\n    <\/div>\n<\/section>\n\n\n\n<div style=\"height:50px\" aria-hidden=\"true\" class=\"wp-block-spacer\"><\/div>\n\n\n<section\n    id=\"bsh-img-overlay-block_194d49eddd22ef817ca4c72d63d6d595\"\n    class=\"bshImgOverlay bshImgOverlay--large alignfull\"\n    style=\"--bsh-img-overlay-opacity: 0.22;\"\n    aria-label=\"Baecksteinerhof visual\"\n    data-bsh-parallax-section\n>\n    <div\n        class=\"bshImgOverlay__media bshImgOverlay__media--fixed\"\n        style=\"background-image: url(&quot;https:\/\/www.baecksteinerhof.com\/wp-content\/uploads\/2026\/08\/Baecksteinerhof_niedrigaufloesend-50-1-2400x1400.jpg&quot;);\"        aria-hidden=\"true\"\n        data-bsh-parallax-media\n    >\n                    <img width=\"2400\" height=\"1400\" src=\"https:\/\/www.baecksteinerhof.com\/wp-content\/uploads\/2026\/08\/Baecksteinerhof_niedrigaufloesend-50-1-2400x1400.jpg\" class=\"bshImgOverlay__image\" alt=\"\" loading=\"lazy\" decoding=\"async\" fetchpriority=\"auto\" \/>            <\/div>\n\n    <div class=\"bshImgOverlay__shade\" aria-hidden=\"true\"><\/div>\n\n    \n    <\/section>\n\n\n\n<div style=\"height:50px\" aria-hidden=\"true\" class=\"wp-block-spacer\"><\/div>\n\n\n<section id=\"bsh-basetext-block_545d438be006fee3ddfec54c77745743\" class=\"bshBaseText bshBaseText--white alignfull\" data-bsh-reveal-group data-bsh-reveal-group-delay=\"0.2\">\n    <div class=\"bshBaseText__layout bsh-container\">\n        \n        <div class=\"bshBaseText__content\">\n            \n                            <div class=\"bshHeadingLockup bshHeadingLockup--center\">\n                                            <h2 data-bsh-split>La sala del camino<\/h2>\n                                        <h6 class=\"bshSubtitle\" data-bsh-reveal=\"fade-up\" data-bsh-reveal-delay=\"0.14\">Nel fienile del 1932<\/h6>                <\/div>\n            \n                            <div class=\"bshBaseText__copy\" data-bsh-reveal=\"fade-up\" data-bsh-reveal-delay=\"0.24\">\n                    <p style=\"text-align: left\">Gli ospiti dei nostri loft fanno colazione nella romantica sala camino nello storico Stadel \u2013 un ambiente che racconta molto della storia della nostra fattoria.<\/p>\n<p style=\"text-align: left\">Proprio qui si trovava un tempo l&#8217;abitazione del cosiddetto \u201cF\u00fctterer\u201d, quel collaboratore che si occupava degli animali della fattoria. Accanto veniva conservato il fieno nel fienile, mentre al piano inferiore si trovavano le stalle. Quando l&#8217;allevamento fu abbandonato negli anni &#8217;70 e la fattoria fu convertita alla frutticoltura, lo Stadel perse la sua funzione originaria e rimase in gran parte inutilizzato per molti anni.  <\/p>\n<p style=\"text-align: left\">Solo nel 2023 la giovane generazione ha iniziato a infondergli nuova vita. Durante l\u2019attenta ristrutturazione, le mura esterne storiche, la facciata e la struttura del tetto sono state completamente conservate. All\u2019interno \u00e8 nata una moderna CasaClima A, senza perdere il carattere originario del fienile.  <\/p>\n<p style=\"text-align: left\">Al posto dell&#8217;ex abitazione del F\u00fctterer si trova oggi la sala camino \u2013 sala colazioni e soggiorno per gli ospiti dei nostri due loft. La scala in legno \u00e8 stata realizzata con le vecchie assi del pavimento del ponte originale dello Stadel, e quando il fuoco crepita nella stufa a legna, la storia del vecchio Stadel non \u00e8 solo visibile: la si pu\u00f2 sentire e persino toccare. <\/p>\n<p style=\"text-align: left\"><strong>Cos\u00ec ogni colazione trova la sua cornice perfetta: personale, ricca di storia e con tempo sufficiente per godersi semplicemente la mattina.<\/strong><\/p>                <\/div>\n                    <\/div>\n    <\/div>\n<\/section>\n\n\n\n<div style=\"height:50px\" aria-hidden=\"true\" class=\"wp-block-spacer\"><\/div>\n\n\n<section\n    id=\"bsh-img-overlay-block_994c2b82c8c9a434aacf89ac9203848c\"\n    class=\"bshImgOverlay bshImgOverlay--large alignfull\"\n    style=\"--bsh-img-overlay-opacity: 0.22;\"\n    aria-label=\"Baecksteinerhof visual\"\n    data-bsh-parallax-section\n>\n    <div\n        class=\"bshImgOverlay__media bshImgOverlay__media--fixed\"\n        style=\"background-image: url(&quot;https:\/\/www.baecksteinerhof.com\/wp-content\/uploads\/2026\/08\/baecksteinerhof_53-1-2400x1400.jpg&quot;);\"        aria-hidden=\"true\"\n        data-bsh-parallax-media\n    >\n                    <img width=\"2400\" height=\"1400\" src=\"https:\/\/www.baecksteinerhof.com\/wp-content\/uploads\/2026\/08\/baecksteinerhof_53-1-2400x1400.jpg\" class=\"bshImgOverlay__image\" alt=\"Fr\u00fchst\u00fccken im Kaminzimmer\" loading=\"lazy\" decoding=\"async\" fetchpriority=\"auto\" \/>            <\/div>\n\n    <div class=\"bshImgOverlay__shade\" aria-hidden=\"true\"><\/div>\n\n    \n    <\/section>\n\n\n\n<div style=\"height:50px\" aria-hidden=\"true\" class=\"wp-block-spacer\"><\/div>\n\n\n<section id=\"bsh-basetext-block_b2561a71abdfaa61bd6b5f5b9b76ff9a\" class=\"bshBaseText bshBaseText--white alignfull\" data-bsh-reveal-group data-bsh-reveal-group-delay=\"0.2\">\n    <div class=\"bshBaseText__layout bsh-container\">\n        \n        <div class=\"bshBaseText__content\">\n            \n                            <div class=\"bshHeadingLockup bshHeadingLockup--center\">\n                                            <h2 data-bsh-split>Personalmente preparato \u2013 anche per esigenze alimentari speciali.<\/h2>\n                                        <h6 class=\"bshSubtitle\" data-bsh-reveal=\"fade-up\" data-bsh-reveal-delay=\"0.14\">Come vi fa stare bene<\/h6>                <\/div>\n            \n                            <div class=\"bshBaseText__copy\" data-bsh-reveal=\"fade-up\" data-bsh-reveal-delay=\"0.24\">\n                    <p>Poich\u00e9 prepariamo la vostra colazione su misura, possiamo tenere conto anche di richieste particolari e intolleranze.<\/p>\n<p>Che abbiate bisogno di prodotti senza lattosio o senza glutine oppure dobbiate tenere conto di particolari allergie alimentari, se ce lo comunicate per tempo saremo lieti di organizzarci. Bevande d\u2019avena al posto del latte vaccino, panini o muesli senza glutine sono, per esempio, facilmente disponibili. <\/p>\n<p>Per noi \u00e8 importante che al mattino non troviate semplicemente qualcosa che potete mangiare, ma che riceviate una colazione che vi si addica, che vi piaccia e che vi faccia bene.<\/p>\n<p>Vi chiediamo solo di comunicarci eventuali esigenze alimentari speciali, se possibile, prima del vostro arrivo, in modo da poter preparare tutto con calma per voi.<\/p>                <\/div>\n                    <\/div>\n    <\/div>\n<\/section>\n\n\n\n<div style=\"height:50px\" aria-hidden=\"true\" class=\"wp-block-spacer\"><\/div>\n","protected":false},"excerpt":{"rendered":"","protected":false},"author":1,"featured_media":1091,"parent":0,"menu_order":0,"comment_status":"closed","ping_status":"closed","template":"","meta":{"_acf_changed":false,"inline_featured_image":false,"footnotes":""},"class_list":["post-1104","page","type-page","status-publish","has-post-thumbnail","hentry"],"acf":[],"_links":{"self":[{"href":"https:\/\/www.baecksteinerhof.com\/it\/wp-json\/wp\/v2\/pages\/1104","targetHints":{"allow":["GET"]}}],"collection":[{"href":"https:\/\/www.baecksteinerhof.com\/it\/wp-json\/wp\/v2\/pages"}],"about":[{"href":"https:\/\/www.baecksteinerhof.com\/it\/wp-json\/wp\/v2\/types\/page"}],"author":[{"embeddable":true,"href":"https:\/\/www.baecksteinerhof.com\/it\/wp-json\/wp\/v2\/users\/1"}],"replies":[{"embeddable":true,"href":"https:\/\/www.baecksteinerhof.com\/it\/wp-json\/wp\/v2\/comments?post=1104"}],"version-history":[{"count":10,"href":"https:\/\/www.baecksteinerhof.com\/it\/wp-json\/wp\/v2\/pages\/1104\/revisions"}],"predecessor-version":[{"id":1540,"href":"https:\/\/www.baecksteinerhof.com\/it\/wp-json\/wp\/v2\/pages\/1104\/revisions\/1540"}],"wp:featuredmedia":[{"embeddable":true,"href":"https:\/\/www.baecksteinerhof.com\/it\/wp-json\/wp\/v2\/media\/1091"}],"wp:attachment":[{"href":"https:\/\/www.baecksteinerhof.com\/it\/wp-json\/wp\/v2\/media?parent=1104"}],"curies":[{"name":"wp","href":"https:\/\/api.w.org\/{rel}","templated":true}]}}